{"id":40,"date":"2022-08-24T18:16:42","date_gmt":"2022-08-24T21:16:42","guid":{"rendered":"https:\/\/sacod.ufpr.br\/devorarmodernismos\/?page_id=40"},"modified":"2022-08-26T11:45:41","modified_gmt":"2022-08-26T14:45:41","slug":"organizacao","status":"publish","type":"page","link":"https:\/\/sacod.ufpr.br\/devorarmodernismos\/organizacao\/","title":{"rendered":"Organiza\u00e7\u00e3o"},"content":{"rendered":"<p><strong>REALIZA\u00c7\u00c3O<\/strong><\/p>\n<p>Universidade Federal do Paran\u00e1 (UFPR)<br \/>\nSetor de Artes, Comunica\u00e7\u00e3o e Design (SACOD)<br \/>\nSetor de Ci\u00eancias Humanas<br \/>\nSetor de Ci\u00eancias Jur\u00eddicas<br \/>\nPrograma de P\u00f3s-gradua\u00e7\u00e3o em Direito (PPGD)<br \/>\nProjeto M\u00e1quina de Ativismos em Direitos Humanos<br \/>\nCentro de Estudos da Constitui\u00e7\u00e3o (CCONS)<br \/>\nLinha de Pesquisa Arte, Mem\u00f3ria e Narrativa (AMENA-PPGHIS)<br \/>\nN\u00facleo de Artes Visuais (NAVIS)<\/p>\n<p><strong>APOIO<\/strong><\/p>\n<p>Pr\u00f3-reitoria de Extens\u00e3o e Cultura (PROEC)<br \/>\nPrattica Ag\u00eancia Experimental de Rela\u00e7\u00f5es P\u00fablicas<br \/>\nCoordena\u00e7\u00e3o de Aperfei\u00e7oamento de Pessoal de N\u00edvel Superior (CAPES)<\/p>\n<p><strong>COMISS\u00c3O ORGANIZADORA<\/strong><\/p>\n<p>Helo\u00edsa Fernandes C\u00e2mara<br \/>\nJo\u00e3o Rickli<br \/>\nJuliana Moreira Alvares<br \/>\nKwarahy Soares Martins<br \/>\nLeandro Gorsdorf<br \/>\nMarcelle Cortiano<br \/>\nPatricia Guilhem de Salles<br \/>\nPaulo Roberto de Oliveira Reis<br \/>\nPedro Paulo de Oliveira<br \/>\nRosane Kaminski<br \/>\nStefany de Lucas<br \/>\nStephanie Dahn Batista<br \/>\nThiago Hoshino<br \/>\nVera Karam de Chueiri<br \/>\nYasmin Fabris<\/p>\n","protected":false},"excerpt":{"rendered":"<p>REALIZA\u00c7\u00c3O Universidade Federal do Paran\u00e1 (UFPR) Setor de Artes, Comunica\u00e7\u00e3o e Design (SACOD) Setor de Ci\u00eancias Humanas Setor de Ci\u00eancias Jur\u00eddicas Programa de P\u00f3s-gradua\u00e7\u00e3o em Direito (PPGD) Projeto M\u00e1quina de Ativismos em Direitos Humanos Centro de Estudos da Constitui\u00e7\u00e3o (CCONS) Linha de Pesquisa Arte, Mem\u00f3ria e Narrativa (AMENA-PPGHIS) N\u00facleo de Artes Visuais (NAVIS) APOIO Pr\u00f3-reitoria &hellip; <a href=\"https:\/\/sacod.ufpr.br\/devorarmodernismos\/organizacao\/\" class=\"more-link\">Continue lendo <span class=\"screen-reader-text\">Organiza\u00e7\u00e3o<\/span> <span class=\"meta-nav\">&rarr;<\/span><\/a><\/p>\n","protected":false},"author":1772,"featured_media":0,"parent":0,"menu_order":0,"comment_status":"closed","ping_status":"closed","template":"","meta":{"_acf_changed":false,"footnotes":""},"class_list":["post-40","page","type-page","status-publish","hentry"],"acf":[],"_links":{"self":[{"href":"https:\/\/sacod.ufpr.br\/devorarmodernismos\/wp-json\/wp\/v2\/pages\/40","targetHints":{"allow":["GET"]}}],"collection":[{"href":"https:\/\/sacod.ufpr.br\/devorarmodernismos\/wp-json\/wp\/v2\/pages"}],"about":[{"href":"https:\/\/sacod.ufpr.br\/devorarmodernismos\/wp-json\/wp\/v2\/types\/page"}],"author":[{"embeddable":true,"href":"https:\/\/sacod.ufpr.br\/devorarmodernismos\/wp-json\/wp\/v2\/users\/1772"}],"replies":[{"embeddable":true,"href":"https:\/\/sacod.ufpr.br\/devorarmodernismos\/wp-json\/wp\/v2\/comments?post=40"}],"version-history":[{"count":2,"href":"https:\/\/sacod.ufpr.br\/devorarmodernismos\/wp-json\/wp\/v2\/pages\/40\/revisions"}],"predecessor-version":[{"id":53,"href":"https:\/\/sacod.ufpr.br\/devorarmodernismos\/wp-json\/wp\/v2\/pages\/40\/revisions\/53"}],"wp:attachment":[{"href":"https:\/\/sacod.ufpr.br\/devorarmodernismos\/wp-json\/wp\/v2\/media?parent=40"}],"curies":[{"name":"wp","href":"https:\/\/api.w.org\/{rel}","templated":true}]}}