{"id":147,"date":"2022-11-08T16:43:31","date_gmt":"2022-11-08T19:43:31","guid":{"rendered":"https:\/\/sacod.ufpr.br\/devorarmodernismos\/?page_id=147"},"modified":"2022-11-09T16:53:38","modified_gmt":"2022-11-09T19:53:38","slug":"acoes-artisticas","status":"publish","type":"page","link":"https:\/\/sacod.ufpr.br\/devorarmodernismos\/acoes-artisticas\/","title":{"rendered":"A\u00e7\u00f5es Art\u00edsticas"},"content":{"rendered":"<h5>8 de novembro &#8211; 18h00<br \/>\nAudit\u00f3rio &#8211; Campus Juvev\u00ea<\/h5>\n<p><strong>Performance &#8220;Movimento-Som&#8221;<\/strong><br \/>\nPropositor: Luam Clarindo<br \/>\nParticipantes: Luam Clarindo e Indioney Rodrigues na m\u00fasica; Mariah Kloss e Rodrigo Kavalkievicz na dan\u00e7a.<\/p>\n<p>Esta proposta, em formato de performance, faz parte da pesquisa de mestrado: Movimento-Som &#8211; intera\u00e7\u00f5es criativas entre m\u00fasica e dan\u00e7a em performances de improvisa\u00e7\u00e3o livre, em andamento no curso de P\u00f3s-gradua\u00e7\u00e3o em m\u00fasica da Universidade Federal do Paran\u00e1 na linha de cria\u00e7\u00e3o sonora. O interesse pela tem\u00e1tica da improvisa\u00e7\u00e3o livre em \u00e2mbito acad\u00eamico nacional vem sido demonstrado, ao longo das \u00faltimas d\u00e9cadas, por meio de artigos, disserta\u00e7\u00f5es, teses e livros que abordam esse tema e que s\u00e3o citados ao longo desta disserta\u00e7\u00e3o. Seguindo esse mesmo movimento, esta a\u00e7\u00e3o perform\u00e1tica se voluntaria a fomentar ainda mais a difus\u00e3o, discuss\u00e3o e pr\u00e1tica da improvisa\u00e7\u00e3o livre, valorizando e reafirmando o seu papel no desenvolvimento da criatividade de estudantes e praticantes de m\u00fasica, assim como das artes em geral. O car\u00e1ter inclusivo, colaborativo e n\u00e3o hegem\u00f4nico das pr\u00e1ticas de improvisa\u00e7\u00e3o livre contribui para um fazer art\u00edstico convidativo que integra a arte modernista e se d\u00e1 na base da entrega, da negocia\u00e7\u00e3o e do di\u00e1logo, a\u00e7\u00f5es importantes n\u00e3o somente em pr\u00e1ticas art\u00edsticas, mas tamb\u00e9m nas rela\u00e7\u00f5es interpessoais da comunidade pol\u00edtica e social no Brasil.<\/p>\n<p>A performance consiste em uma investiga\u00e7\u00e3o espont\u00e2nea e em tempo real de intera\u00e7\u00f5es entre m\u00fasica e dan\u00e7a por meio de gestualidades s\u00f4nicas e corporais, opcionalmente sucedida de uma breve conversa sobre as etapas da pesquisa Movimento-Som, que al\u00e9m de uma s\u00f3lida base te\u00f3rica, envolveu uma s\u00e9rie de entrevistas semiestruturadas envolvendo m\u00fasicos e dan\u00e7arinos que desenvolvem pesquisas art\u00edsticas sistem\u00e1ticas na \u00e1rea de improvisa\u00e7\u00e3o livre e de diversos laborat\u00f3rios de experimenta\u00e7\u00e3o art\u00edstica realizados em distintos contextos \u2014 presenciais e online \u2014, e organizados em fun\u00e7\u00e3o da explora\u00e7\u00e3o dos diferentes n\u00edveis de intera\u00e7\u00e3o entre gestualidade corporal e musical, propostos pelo music\u00f3logo Marc Leman Fundamenta\u00e7\u00e3o te\u00f3rica: O pensamento sobre processos criativos na m\u00fasica, seguindo o mesmo passo da dan\u00e7a e das artes em geral, tamb\u00e9m se transformou ao longo do s\u00e9culo XX. Por exemplo, segundo Katz (2006), h\u00e1 similaridades eletivas entre Rudolf Laban e o compositor Arnold Schoenberg. Helena Katz comenta que Laban expandiu a base espacial do bal\u00e9 depois de dez anos estudando as formas do movimento no comportamento do cidad\u00e3o comum enquanto Shoenberg apresentava um trabalho pluritonal em que nenhum dos doze tons crom\u00e1ticos poderia ser mais enfatizado que o outro. Com rela\u00e7\u00e3o a escala de doze tons utilizada por Schoenberg, Katz (2006, p. 56), comenta que \u201cEsse controle propiciava um acesso igualit\u00e1rio a cada tom. Nesse sentido, tomava-os como cidad\u00e3os comuns aos quais se deveria garantir o direito de express\u00e3o.\u201d De maneira semelhante, a no\u00e7\u00e3o de igualdade e rompimento das hierarquias \u00e9 um conceito tamb\u00e9m presente nas pr\u00e1ticas e estudos da improvisa\u00e7\u00e3o livre (FALLEIROS, 2012), que tem o guitarrista Derek Bailey como um de seus maiores representantes.<\/p>\n<p>&nbsp;<\/p>\n<h5>10 de novembro &#8211; 18h00<br \/>\nHall do Sal\u00e3o Nobre &#8211; Pr\u00e9dio Hist\u00f3rico<\/h5>\n<p><strong>Performance &#8220;CORpo&#8221;<\/strong><br \/>\nPropositor: Elber Tavares dos Santos<\/p>\n<p>O trabalho proposto \u00e9 uma investiga\u00e7\u00e3o em dan\u00e7a para o trabalho de conclus\u00e3o de curso que apoia-se na minha constru\u00e7\u00e3o de identidade enquanto pessoa preta e como os corpos das ruas atravessam meu corpo. &#8220;Entre mem\u00f3rias e viv\u00eancias, o que marca mais um CORpo? As mem\u00f3rias da inf\u00e2ncia dilaceradas, aos traumas corporificados, aos ancestrais presentes na carne, ossos e sussurros, a linha abismo que corta o Eu e as estat\u00edsticas, os rituais de resist\u00eancia e insist\u00eancia&#8230; Outrora colapsar o tempo e suas marcas com afago, por vezes reconhecer afei\u00e7\u00e3o aos suspiros de sobre-viv\u00eancia.&#8221;<\/p>\n","protected":false},"excerpt":{"rendered":"<p>8 de novembro &#8211; 18h00 Audit\u00f3rio &#8211; Campus Juvev\u00ea Performance &#8220;Movimento-Som&#8221; Propositor: Luam Clarindo Participantes: Luam Clarindo e Indioney Rodrigues na m\u00fasica; Mariah Kloss e Rodrigo Kavalkievicz na dan\u00e7a. Esta proposta, em formato de performance, faz parte da pesquisa de mestrado: Movimento-Som &#8211; intera\u00e7\u00f5es criativas entre m\u00fasica e dan\u00e7a em performances de improvisa\u00e7\u00e3o livre, em &hellip; <a href=\"https:\/\/sacod.ufpr.br\/devorarmodernismos\/acoes-artisticas\/\" class=\"more-link\">Continue lendo <span class=\"screen-reader-text\">A\u00e7\u00f5es Art\u00edsticas<\/span> <span class=\"meta-nav\">&rarr;<\/span><\/a><\/p>\n","protected":false},"author":1772,"featured_media":0,"parent":0,"menu_order":0,"comment_status":"closed","ping_status":"closed","template":"","meta":{"_acf_changed":false,"footnotes":""},"class_list":["post-147","page","type-page","status-publish","hentry"],"acf":[],"_links":{"self":[{"href":"https:\/\/sacod.ufpr.br\/devorarmodernismos\/wp-json\/wp\/v2\/pages\/147","targetHints":{"allow":["GET"]}}],"collection":[{"href":"https:\/\/sacod.ufpr.br\/devorarmodernismos\/wp-json\/wp\/v2\/pages"}],"about":[{"href":"https:\/\/sacod.ufpr.br\/devorarmodernismos\/wp-json\/wp\/v2\/types\/page"}],"author":[{"embeddable":true,"href":"https:\/\/sacod.ufpr.br\/devorarmodernismos\/wp-json\/wp\/v2\/users\/1772"}],"replies":[{"embeddable":true,"href":"https:\/\/sacod.ufpr.br\/devorarmodernismos\/wp-json\/wp\/v2\/comments?post=147"}],"version-history":[{"count":4,"href":"https:\/\/sacod.ufpr.br\/devorarmodernismos\/wp-json\/wp\/v2\/pages\/147\/revisions"}],"predecessor-version":[{"id":158,"href":"https:\/\/sacod.ufpr.br\/devorarmodernismos\/wp-json\/wp\/v2\/pages\/147\/revisions\/158"}],"wp:attachment":[{"href":"https:\/\/sacod.ufpr.br\/devorarmodernismos\/wp-json\/wp\/v2\/media?parent=147"}],"curies":[{"name":"wp","href":"https:\/\/api.w.org\/{rel}","templated":true}]}}