{"id":128,"date":"2022-11-06T21:48:13","date_gmt":"2022-11-07T00:48:13","guid":{"rendered":"https:\/\/sacod.ufpr.br\/devorarmodernismos\/?page_id=128"},"modified":"2022-11-06T21:48:20","modified_gmt":"2022-11-07T00:48:20","slug":"ana-paula-simioni","status":"publish","type":"page","link":"https:\/\/sacod.ufpr.br\/devorarmodernismos\/ana-paula-simioni\/","title":{"rendered":"Ana Paula Simioni"},"content":{"rendered":"<h4><span style=\"color: #993300;\">Mesa 9\/11<\/span><span style=\"color: #993300;\">\u00a0\u2022 DE FORA DO BANQUETE<\/span><\/h4>\n<h3><strong>&#8220;Um cap\u00edtulo da \u2018arte total\u2019 no Brasil: a contribui\u00e7\u00e3o de Regina Gomide Graz&#8221;<\/strong><\/h3>\n<p><strong>Ana Paula Simioni<\/strong> (IEB-USP):\u00a0<em>Professora da USP e membro do Institut d\u00b4\u00c9tudes Avanc\u00e9s de Nantes (2021-2024). Graduada em Ci\u00eancias Sociais (USP), mestre e doutora em Sociologia (USP). L\u00edder do grupo de pesquisa GAAI (G\u00eanero, Arte, Artefato e Imagens). Realizou a curadoria das exposi\u00e7\u00f5es &#8220;Mulheres Artistas: as pioneiras (1880-1930)&#8221; e &#8220;Transbordar: transgress\u00f5es do bordado na arte&#8221;.<\/em><\/p>\n<p><strong>Resumo:<\/strong> Partindo de um estudo de caso sobre os projetos decorativos realizados por John e Regina Graz no Brasil, ambos considerados os introdutores do art d\u00e9co no pa\u00eds, pretende-se discutir o modo com que os grupos modernistas fomentaram posi\u00e7\u00f5es espec\u00edficas para as mulheres artistas, mediante uma l\u00f3gica de divis\u00e3o (sexual) do trabalho.<\/p>\n","protected":false},"excerpt":{"rendered":"<p>Mesa 9\/11\u00a0\u2022 DE FORA DO BANQUETE &#8220;Um cap\u00edtulo da \u2018arte total\u2019 no Brasil: a contribui\u00e7\u00e3o de Regina Gomide Graz&#8221; Ana Paula Simioni (IEB-USP):\u00a0Professora da USP e membro do Institut d\u00b4\u00c9tudes Avanc\u00e9s de Nantes (2021-2024). Graduada em Ci\u00eancias Sociais (USP), mestre e doutora em Sociologia (USP). L\u00edder do grupo de pesquisa GAAI (G\u00eanero, Arte, Artefato e &hellip; <a href=\"https:\/\/sacod.ufpr.br\/devorarmodernismos\/ana-paula-simioni\/\" class=\"more-link\">Continue lendo <span class=\"screen-reader-text\">Ana Paula Simioni<\/span> <span class=\"meta-nav\">&rarr;<\/span><\/a><\/p>\n","protected":false},"author":1759,"featured_media":0,"parent":0,"menu_order":0,"comment_status":"closed","ping_status":"closed","template":"","meta":{"_acf_changed":false,"footnotes":""},"class_list":["post-128","page","type-page","status-publish","hentry"],"acf":[],"_links":{"self":[{"href":"https:\/\/sacod.ufpr.br\/devorarmodernismos\/wp-json\/wp\/v2\/pages\/128","targetHints":{"allow":["GET"]}}],"collection":[{"href":"https:\/\/sacod.ufpr.br\/devorarmodernismos\/wp-json\/wp\/v2\/pages"}],"about":[{"href":"https:\/\/sacod.ufpr.br\/devorarmodernismos\/wp-json\/wp\/v2\/types\/page"}],"author":[{"embeddable":true,"href":"https:\/\/sacod.ufpr.br\/devorarmodernismos\/wp-json\/wp\/v2\/users\/1759"}],"replies":[{"embeddable":true,"href":"https:\/\/sacod.ufpr.br\/devorarmodernismos\/wp-json\/wp\/v2\/comments?post=128"}],"version-history":[{"count":2,"href":"https:\/\/sacod.ufpr.br\/devorarmodernismos\/wp-json\/wp\/v2\/pages\/128\/revisions"}],"predecessor-version":[{"id":130,"href":"https:\/\/sacod.ufpr.br\/devorarmodernismos\/wp-json\/wp\/v2\/pages\/128\/revisions\/130"}],"wp:attachment":[{"href":"https:\/\/sacod.ufpr.br\/devorarmodernismos\/wp-json\/wp\/v2\/media?parent=128"}],"curies":[{"name":"wp","href":"https:\/\/api.w.org\/{rel}","templated":true}]}}