{"id":123,"date":"2022-11-06T21:44:11","date_gmt":"2022-11-07T00:44:11","guid":{"rendered":"https:\/\/sacod.ufpr.br\/devorarmodernismos\/?page_id=123"},"modified":"2022-11-06T21:44:11","modified_gmt":"2022-11-07T00:44:11","slug":"renato-menezes","status":"publish","type":"page","link":"https:\/\/sacod.ufpr.br\/devorarmodernismos\/renato-menezes\/","title":{"rendered":"Renato Menezes"},"content":{"rendered":"<p>&nbsp;<\/p>\n<h4><span style=\"color: #993300;\">Mesa 8\/11 \u2022 OUTRAS MODERNIDADES\u00a0<\/span><\/h4>\n<h3><strong>&#8220;O que Tarsila (n\u00e3o) viu em Madureira?&#8221;<\/strong><\/h3>\n<p><strong>Renato Menezes<\/strong> (PINACOTECA):\u00a0<em><span style=\"font-weight: 400;\">Doutorando em Teoria da Arte pela EHESS (Paris) e \u00e9 curador da Pinacoteca de S\u00e3o Paulo. Co-editou o livro &#8220;Fran\u00e7a Ant\u00e1rtica: ensaios interdisciplinares&#8221; (Editora da Unicamp, 2021) e foi curador assistente da mostra &#8220;Raio-que-o-parta: fic\u00e7\u00f5es do moderno no Brasil&#8221; (Sesc 24 de maio, 2022).<\/span><\/em><\/p>\n<p><strong>Resumo:<\/strong> O objetivo da comunica\u00e7\u00e3o ser\u00e1 interrogar a pintura \u201cCarnaval em Madureira\u201d, n\u00e3o da perspectiva de sua autora, Tarsila do Amaral, que a realizou em 1924, mas do ponto de vista do espa\u00e7o geogr\u00e1fico representado: o bairro de Madureira, conhecido pela alcunha de \u201ccapital do sub\u00farbio\u201d.\u00a0Sobre a obra, que tematiza o encontro de Tarsila do Amaral com o coreto em forma de Torre Eiffel no \u201ccora\u00e7\u00e3o da zona norte carioca\u201d paira a atmosfera que deu origem contemporaneamente as escolas de samba que se organizaram no bairro, em torno de figuras emblem\u00e1ticas como Heitor dos Prazeres e Paulo da Portela. A aus\u00eancia dessas figuras revela, ao menos parcialmente, a espessura da lente pela qual a artista capturou a festa suburbana.<\/p>\n<p>&nbsp;<\/p>\n","protected":false},"excerpt":{"rendered":"<p>&nbsp; Mesa 8\/11 \u2022 OUTRAS MODERNIDADES\u00a0 &#8220;O que Tarsila (n\u00e3o) viu em Madureira?&#8221; Renato Menezes (PINACOTECA):\u00a0Doutorando em Teoria da Arte pela EHESS (Paris) e \u00e9 curador da Pinacoteca de S\u00e3o Paulo. Co-editou o livro &#8220;Fran\u00e7a Ant\u00e1rtica: ensaios interdisciplinares&#8221; (Editora da Unicamp, 2021) e foi curador assistente da mostra &#8220;Raio-que-o-parta: fic\u00e7\u00f5es do moderno no Brasil&#8221; (Sesc &hellip; <a href=\"https:\/\/sacod.ufpr.br\/devorarmodernismos\/renato-menezes\/\" class=\"more-link\">Continue lendo <span class=\"screen-reader-text\">Renato Menezes<\/span> <span class=\"meta-nav\">&rarr;<\/span><\/a><\/p>\n","protected":false},"author":1759,"featured_media":0,"parent":0,"menu_order":0,"comment_status":"closed","ping_status":"closed","template":"","meta":{"_acf_changed":false,"footnotes":""},"class_list":["post-123","page","type-page","status-publish","hentry"],"acf":[],"_links":{"self":[{"href":"https:\/\/sacod.ufpr.br\/devorarmodernismos\/wp-json\/wp\/v2\/pages\/123","targetHints":{"allow":["GET"]}}],"collection":[{"href":"https:\/\/sacod.ufpr.br\/devorarmodernismos\/wp-json\/wp\/v2\/pages"}],"about":[{"href":"https:\/\/sacod.ufpr.br\/devorarmodernismos\/wp-json\/wp\/v2\/types\/page"}],"author":[{"embeddable":true,"href":"https:\/\/sacod.ufpr.br\/devorarmodernismos\/wp-json\/wp\/v2\/users\/1759"}],"replies":[{"embeddable":true,"href":"https:\/\/sacod.ufpr.br\/devorarmodernismos\/wp-json\/wp\/v2\/comments?post=123"}],"version-history":[{"count":1,"href":"https:\/\/sacod.ufpr.br\/devorarmodernismos\/wp-json\/wp\/v2\/pages\/123\/revisions"}],"predecessor-version":[{"id":124,"href":"https:\/\/sacod.ufpr.br\/devorarmodernismos\/wp-json\/wp\/v2\/pages\/123\/revisions\/124"}],"wp:attachment":[{"href":"https:\/\/sacod.ufpr.br\/devorarmodernismos\/wp-json\/wp\/v2\/media?parent=123"}],"curies":[{"name":"wp","href":"https:\/\/api.w.org\/{rel}","templated":true}]}}