{"id":115,"date":"2022-11-06T21:38:07","date_gmt":"2022-11-07T00:38:07","guid":{"rendered":"https:\/\/sacod.ufpr.br\/devorarmodernismos\/?page_id=115"},"modified":"2022-11-06T21:39:28","modified_gmt":"2022-11-07T00:39:28","slug":"savio-luis-stoco","status":"publish","type":"page","link":"https:\/\/sacod.ufpr.br\/devorarmodernismos\/savio-luis-stoco\/","title":{"rendered":"S\u00e1vio Luis Stoco"},"content":{"rendered":"<h4><span style=\"color: #993300;\">Mesa 8\/11 \u2022 OUTRAS MODERNIDADES\u00a0<\/span><\/h4>\n<h3>&#8220;<strong>A extin\u00e7\u00e3o das gar\u00e7as, guar\u00e1s e a destrui\u00e7\u00e3o da Cidade Flutuante: emblemas modernistas nas capitais amaz\u00f4nicas Bel\u00e9m e Manaus<\/strong>&#8220;<\/h3>\n<p><strong>S\u00e1vio Lu\u00eds Stoco<\/strong> (UFPA):\u00a0<em>Professor da UFPA e colaborador no Programa de P\u00f3s-Gradua\u00e7\u00e3o em Artes\/UFPA. Mestre em Artes Visuais (Unicamp) e doutor em Meios e Processos Audiovisuais (USP). Especialista em Artes Visuais: Cultura e Cria\u00e7\u00e3o (Senac) e cursou a especializa\u00e7\u00e3o Produ\u00e7\u00e3o, Dire\u00e7\u00e3o e Cria\u00e7\u00e3o em Cinema (Uninorte). Licenciado em Artes Visuais e graduado em Comunica\u00e7\u00e3o Social (UFAM).<\/em><\/p>\n<p><strong>Resumo:<\/strong> A fala se divide na abordagem aos casos de dois temas visuais significativos cultivados nos contextos modernistas de Bel\u00e9m e Manaus. O primeiro ser\u00e1 o da extin\u00e7\u00e3o das gar\u00e7as e guar\u00e1s da ilha de Maraj\u00f3, identificada por Em\u00edlio Goeldi motivando seu protesto e a produ\u00e7\u00e3o de uma litografia cient\u00edfico\/art\u00edstica, cujos ecos podem ser percebidos na pintura de avifauna do foyer do Theatro da Paz, obra de Armando Balloni. O segundo caso tratado ser\u00e1 o da extin\u00e7\u00e3o da Cidade Flutuante, agrupamento popular que se iniciou em Manaus no per\u00edodo entreguerras e que por se tornar um midi\u00e1tico e indesejado emblema da capital amazonense, foi desmantelada, constituindo-se em um trauma para o meio intelectual\/art\u00edstico, do qual destacarei as abordagens do pintor\u00a0negro Hahnemann Bacelar.<\/p>\n<p>&nbsp;<\/p>\n","protected":false},"excerpt":{"rendered":"<p>Mesa 8\/11 \u2022 OUTRAS MODERNIDADES\u00a0 &#8220;A extin\u00e7\u00e3o das gar\u00e7as, guar\u00e1s e a destrui\u00e7\u00e3o da Cidade Flutuante: emblemas modernistas nas capitais amaz\u00f4nicas Bel\u00e9m e Manaus&#8220; S\u00e1vio Lu\u00eds Stoco (UFPA):\u00a0Professor da UFPA e colaborador no Programa de P\u00f3s-Gradua\u00e7\u00e3o em Artes\/UFPA. Mestre em Artes Visuais (Unicamp) e doutor em Meios e Processos Audiovisuais (USP). Especialista em Artes Visuais: &hellip; <a href=\"https:\/\/sacod.ufpr.br\/devorarmodernismos\/savio-luis-stoco\/\" class=\"more-link\">Continue lendo <span class=\"screen-reader-text\">S\u00e1vio Luis Stoco<\/span> <span class=\"meta-nav\">&rarr;<\/span><\/a><\/p>\n","protected":false},"author":1759,"featured_media":0,"parent":0,"menu_order":0,"comment_status":"closed","ping_status":"closed","template":"","meta":{"_acf_changed":false,"footnotes":""},"class_list":["post-115","page","type-page","status-publish","hentry"],"acf":[],"_links":{"self":[{"href":"https:\/\/sacod.ufpr.br\/devorarmodernismos\/wp-json\/wp\/v2\/pages\/115","targetHints":{"allow":["GET"]}}],"collection":[{"href":"https:\/\/sacod.ufpr.br\/devorarmodernismos\/wp-json\/wp\/v2\/pages"}],"about":[{"href":"https:\/\/sacod.ufpr.br\/devorarmodernismos\/wp-json\/wp\/v2\/types\/page"}],"author":[{"embeddable":true,"href":"https:\/\/sacod.ufpr.br\/devorarmodernismos\/wp-json\/wp\/v2\/users\/1759"}],"replies":[{"embeddable":true,"href":"https:\/\/sacod.ufpr.br\/devorarmodernismos\/wp-json\/wp\/v2\/comments?post=115"}],"version-history":[{"count":4,"href":"https:\/\/sacod.ufpr.br\/devorarmodernismos\/wp-json\/wp\/v2\/pages\/115\/revisions"}],"predecessor-version":[{"id":119,"href":"https:\/\/sacod.ufpr.br\/devorarmodernismos\/wp-json\/wp\/v2\/pages\/115\/revisions\/119"}],"wp:attachment":[{"href":"https:\/\/sacod.ufpr.br\/devorarmodernismos\/wp-json\/wp\/v2\/media?parent=115"}],"curies":[{"name":"wp","href":"https:\/\/api.w.org\/{rel}","templated":true}]}}