{"id":960,"date":"2021-04-27T15:10:31","date_gmt":"2021-04-27T15:10:31","guid":{"rendered":"https:\/\/sacod.ufpr.br\/coordesign\/?page_id=960"},"modified":"2021-04-28T13:20:44","modified_gmt":"2021-04-28T13:20:44","slug":"retomada-de-calendario-2020","status":"publish","type":"page","link":"https:\/\/sacod.ufpr.br\/coordesign\/retomada-de-calendario-2020\/","title":{"rendered":"Retomada de Calend\u00e1rio 2020"},"content":{"rendered":"<h2><strong>Matr\u00edcula<\/strong><\/h2>\n<p>&nbsp;<\/p>\n<p>Aten\u00e7\u00e3o! Neste novo per\u00edodo especial teremos somente <b>um momento&nbsp;<\/b>para solicitar matr\u00edcula. A solicita\u00e7\u00e3o de matr\u00edcula se inicia na quarta (<strong>28\/abr<\/strong>) e se encerra na quinta-feira (<strong>29\/abr<\/strong>).<\/p>\n<p>&nbsp;<\/p>\n<p>As matr\u00edculas para o novo Per\u00edodo Especial ser\u00e3o feitas via&nbsp;SIGA.<\/p>\n<p class=\"p1\">Link para acessar o SIGA:&nbsp;<a href=\"https:\/\/www.prppg.ufpr.br\/siga\/\">SIGA UFPR<\/a><\/p>\n<p class=\"p1\">Link para tutoriais sobre o SIGA:&nbsp;<a href=\"https:\/\/ufpraberta.ufpr.br\/course\/view.php?id=9\">UFPR Aberta<\/a><\/p>\n<p>&nbsp;<\/p>\n<p>&nbsp;<\/p>\n<h2><strong>Vis\u00e3o geral&nbsp;<\/strong><\/h2>\n<p>&nbsp;<\/p>\n<p><a href=\"https:\/\/sacod.ufpr.br\/coordesign\/wp-content\/uploads\/sites\/5\/2021\/04\/Distribui\u00e7\u00e3o-de-disciplinas_Retomada-do-Calend\u00e1rio-2020.pdf\">Distribui\u00e7\u00e3o de Disciplinas<\/a><\/p>\n<p><a href=\"https:\/\/sacod.ufpr.br\/coordesign\/wp-content\/uploads\/sites\/5\/2021\/04\/Grade-Hor\u00e1ria-s\u00edncronas-Retomada-Calend\u00e1rio-2020.pdf\">Grade hor\u00e1ria atualizada &#8211; atividades s\u00edncronas<\/a><\/p>\n<p>&nbsp;<\/p>\n<h2><strong>Planos de ensino<\/strong><\/h2>\n<h4>&nbsp;<\/h4>\n<p><a href=\"https:\/\/sacod.ufpr.br\/coordesign\/wp-content\/uploads\/sites\/5\/2021\/04\/OD110_Seminario_de_TCC_Ficha_2_ERE_2020.pdf\">OD110 &#8211; Semin\u00e1rio de TCC<\/a><\/p>\n<p><a href=\"https:\/\/sacod.ufpr.br\/coordesign\/wp-content\/uploads\/sites\/5\/2021\/04\/OD_500_ERGONOMIA_ficha_2_ERE_2020.pdf\">OD500 &#8211; Ergonomia<\/a><\/p>\n<p><a href=\"https:\/\/sacod.ufpr.br\/coordesign\/wp-content\/uploads\/sites\/5\/2021\/04\/OD501_Estagio_Supervisionado_Ficha_2_ERE_2020.pdf\">OD501 &#8211; Est\u00e1gio Supervisionado<\/a><\/p>\n<p><a href=\"https:\/\/sacod.ufpr.br\/coordesign\/wp-content\/uploads\/sites\/5\/2021\/04\/Plano___OD506___Materiais_Processos_I_Adriano_e_Gabriel.pdf\">OD506 &#8211; Materiais e Processos I <\/a><\/p>\n<p><a href=\"https:\/\/sacod.ufpr.br\/coordesign\/wp-content\/uploads\/sites\/5\/2021\/04\/OD507_Materiasi_e_Processos_II_FICHA2_ERE_2020.pdf\">OD507 &#8211; Materiais e Processos II <\/a><\/p>\n<p><a href=\"https:\/\/sacod.ufpr.br\/coordesign\/wp-content\/uploads\/sites\/5\/2021\/04\/OD508_Mat_Proc_III_retomada_2020_.pdf\">OD508 &#8211; Materiais e Processos III <\/a><\/p>\n<p><a href=\"https:\/\/sacod.ufpr.br\/coordesign\/wp-content\/uploads\/sites\/5\/2021\/04\/Plano_OD509_metodologia_visual_I.pdf\">OD509 &#8211; Metodologia Visual Aplicada ao Produto I<\/a><\/p>\n<p><a href=\"https:\/\/sacod.ufpr.br\/coordesign\/wp-content\/uploads\/sites\/5\/2021\/04\/Plano_OD510_metodologia_visual_II.pdf\">OD510 &#8211; Metodologia Visual Aplicada ao Produto II<\/a><\/p>\n<p><a href=\"https:\/\/sacod.ufpr.br\/coordesign\/wp-content\/uploads\/sites\/5\/2021\/04\/OD511_Projeto_de_ProdutoI_2020_retomada_integrada_.pdf\">OD511 &#8211; Projeto de Produto I<\/a><\/p>\n<p><a href=\"https:\/\/sacod.ufpr.br\/coordesign\/wp-content\/uploads\/sites\/5\/2021\/04\/OD512_Projeto_II_FICHA2_ERE_2020.pdf\">OD512 &#8211; Projeto de Produto II<\/a><\/p>\n<p><a href=\"https:\/\/sacod.ufpr.br\/coordesign\/wp-content\/uploads\/sites\/5\/2021\/04\/Plano_OD513_Projeto_III_Ficha2_ERE_2020.pdf\">OD513 &#8211; Projeto de Produto III<\/a><\/p>\n<p><a href=\"https:\/\/sacod.ufpr.br\/coordesign\/wp-content\/uploads\/sites\/5\/2021\/04\/Plano___OD515___R3D_I___GabrielRosenmann.pdf\">OD515 &#8211; Representa\u00e7\u00e3o 3D I<\/a><\/p>\n<p><a href=\"https:\/\/sacod.ufpr.br\/coordesign\/wp-content\/uploads\/sites\/5\/2021\/04\/OD516_R3DII_FICHA2_ERE_2020.pdf\">OD516 &#8211; Representa\u00e7\u00e3o 3D II<\/a><\/p>\n<p><a href=\"https:\/\/sacod.ufpr.br\/coordesign\/wp-content\/uploads\/sites\/5\/2021\/04\/OD517_R3D_III_retomada_ciclo1_2020.pdf\">OD517 &#8211; Representa\u00e7\u00e3o 3D III<\/a><\/p>\n<p><a href=\"https:\/\/sacod.ufpr.br\/coordesign\/wp-content\/uploads\/sites\/5\/2021\/04\/OD518_Representacao_grafica_1_ficha_2_ERE_2020.pdf\">OD518 &#8211; Representa\u00e7\u00e3o Gr\u00e1fica I<\/a><\/p>\n<p><a href=\"https:\/\/sacod.ufpr.br\/coordesign\/wp-content\/uploads\/sites\/5\/2021\/04\/OD519_RepresentacaoGraficaII_2020_retomada_.pdf\">OD519 &#8211; Representa\u00e7\u00e3o Gr\u00e1fica II<\/a><\/p>\n<p><a href=\"https:\/\/sacod.ufpr.br\/coordesign\/wp-content\/uploads\/sites\/5\/2021\/04\/OD520_Representacao_Grafica_3_ficha_2_ERE_2020-1.pdf\">OD520 &#8211; Representa\u00e7\u00e3o Gr\u00e1fica III<\/a><\/p>\n<p>&nbsp;<\/p>\n<p>&nbsp;<\/p>\n<h2><strong>Mais informa\u00e7\u00f5es<\/strong><\/h2>\n<p>&nbsp;<\/p>\n<p><a href=\"https:\/\/sacod.ufpr.br\/coordesign\/wp-content\/uploads\/sites\/5\/2021\/04\/RESOLU\u00c7\u00c3O-N\u00ba-22-21-CEPE-1.pdf\">RESOLU\u00c7\u00c3O N\u00ba 22\/21-CEPE <\/a><\/p>\n<p><a href=\"https:\/\/sacod.ufpr.br\/coordesign\/wp-content\/uploads\/sites\/5\/2021\/04\/RESOLU\u00c7\u00c3O-N\u00ba-23-21-CEPE-2.pdf\">RESOLU\u00c7\u00c3O N\u00ba 23\/21-CEPE <\/a><\/p>\n<p><a href=\"http:\/\/www.cipead.ufpr.br1\/index.php\/cipead\/periodo-especial-ufpr\/principais-duvidas-faq\/\">FAQ<\/a><\/p>\n<p>&nbsp;<\/p>\n","protected":false},"excerpt":{"rendered":"<p>Matr\u00edcula &nbsp; Aten\u00e7\u00e3o! Neste novo per\u00edodo especial teremos somente um momento&nbsp;para solicitar matr\u00edcula. A solicita\u00e7\u00e3o de matr\u00edcula se inicia na quarta (28\/abr) e se encerra na quinta-feira (29\/abr). &nbsp; As matr\u00edculas para o novo Per\u00edodo Especial ser\u00e3o feitas via&nbsp;SIGA. Link para acessar o SIGA:&nbsp;SIGA UFPR Link para tutoriais sobre o SIGA:&nbsp;UFPR Aberta &nbsp; &nbsp; Vis\u00e3o [&hellip;]<\/p>\n","protected":false},"author":1765,"featured_media":0,"parent":0,"menu_order":0,"comment_status":"closed","ping_status":"closed","template":"","meta":{"_acf_changed":false,"ngg_post_thumbnail":0,"footnotes":""},"class_list":["post-960","page","type-page","status-publish","hentry"],"acf":[],"_links":{"self":[{"href":"https:\/\/sacod.ufpr.br\/coordesign\/wp-json\/wp\/v2\/pages\/960","targetHints":{"allow":["GET"]}}],"collection":[{"href":"https:\/\/sacod.ufpr.br\/coordesign\/wp-json\/wp\/v2\/pages"}],"about":[{"href":"https:\/\/sacod.ufpr.br\/coordesign\/wp-json\/wp\/v2\/types\/page"}],"author":[{"embeddable":true,"href":"https:\/\/sacod.ufpr.br\/coordesign\/wp-json\/wp\/v2\/users\/1765"}],"replies":[{"embeddable":true,"href":"https:\/\/sacod.ufpr.br\/coordesign\/wp-json\/wp\/v2\/comments?post=960"}],"version-history":[{"count":6,"href":"https:\/\/sacod.ufpr.br\/coordesign\/wp-json\/wp\/v2\/pages\/960\/revisions"}],"predecessor-version":[{"id":972,"href":"https:\/\/sacod.ufpr.br\/coordesign\/wp-json\/wp\/v2\/pages\/960\/revisions\/972"}],"wp:attachment":[{"href":"https:\/\/sacod.ufpr.br\/coordesign\/wp-json\/wp\/v2\/media?parent=960"}],"curies":[{"name":"wp","href":"https:\/\/api.w.org\/{rel}","templated":true}]}}