{"id":672,"date":"2020-04-08T14:40:19","date_gmt":"2020-04-08T14:40:19","guid":{"rendered":"https:\/\/sacod.ufpr.br\/coordesign\/?page_id=672"},"modified":"2020-06-19T12:24:07","modified_gmt":"2020-06-19T12:24:07","slug":"comunicados","status":"publish","type":"page","link":"https:\/\/sacod.ufpr.br\/coordesign\/comunicados\/","title":{"rendered":"Comunicados &#8211; Per\u00edodo de suspens\u00e3o do calend\u00e1rio acad\u00eamico"},"content":{"rendered":"<p>Chamada para inscri\u00e7\u00f5es &#8211; <strong>Segunda Atividade de Aprendizado Integradora do Curso de Design de Produto<\/strong><\/p>\n<p>Essa atividade tem como objetivo a&nbsp;proposi\u00e7\u00e3o de&nbsp;leitura de aspectos formais de m\u00f3veis populares, entendidos nessa proposta como m\u00f3veis que est\u00e3o presentes no cotidiano de muitos brasileiros e que n\u00e3o possuem autoria conhecida. Apresentaremos algumas estrat\u00e9gias para a leitura formal, conceitua\u00e7\u00e3o e materializa\u00e7\u00e3o de artefatos.<\/p>\n<p><b>Programa:<\/b><\/p>\n<p>&#8211; Percep\u00e7\u00e3o e leitura da configura\u00e7\u00e3o dos artefatos<\/p>\n<p>&#8211; Pain\u00e9is sem\u00e2nticos na conceitua\u00e7\u00e3o de produtos<\/p>\n<p>&#8211; Painel de atmosfera do produto<\/p>\n<p>&#8211; Sketch com estrat\u00e9gia de comunica\u00e7\u00e3o no design<\/p>\n<p>&#8211; Sele\u00e7\u00e3o de alternativas<\/p>\n<p>&#8211; Desenvolvimento de modelos em escala<\/p>\n<p>O trabalho ser\u00e1 desenvolvido exclusivamente de forma remota, via plataforma Teams\/Office 365. Ser\u00e3o feitos tr\u00eas encontros virtuais semanais, para orienta\u00e7\u00e3o com docentes e troca de experi\u00eancia entre as equipes.<\/p>\n<p>A atividade ter\u00e1 in\u00edcio no dia&nbsp;<b>22\/06\/2020<\/b>&nbsp;e t\u00e9rmino no dia&nbsp;<b>03\/07\/2020<\/b>, com&nbsp;<b>carga hor\u00e1ria total de 48h<\/b>. Ao final, ser\u00e3o emitidos&nbsp;<b>certificados<\/b>&nbsp;que poder\u00e3o ser validados como&nbsp;<b>atividade formativa (alunos UFPR)<\/b>.<\/p>\n<p>&nbsp;<\/p>\n<p>Est\u00e3o sendo ofertadas <strong>18 vagas para estudantes de Design de Produto da UFPR <\/strong>e&nbsp;<strong><b>9 vagas para&nbsp;<\/b><b>estudantes de Design de Produto externos \u00e0 UFPR<\/b><\/strong>. As vagas ser\u00e3o preenchidas de acordo com a ordem de inscri\u00e7\u00e3o. As inscri\u00e7\u00f5es devem ser feitas por meio do formul\u00e1rio (<a href=\"https:\/\/docs.google.com\/forms\/d\/e\/1FAIpQLScnvqAOOZI5IIyAWdCQttMlCDlBG_b-XQeg2UymdIl8OWJp1w\/closedform\">https:\/\/docs.google.com\/forms\/d\/e\/1FAIpQLScnvqAOOZI5IIyAWdCQttMlCDlBG_b-XQeg2UymdIl8OWJp1w\/viewform?usp=sf_link<\/a>) <strong>at\u00e9 dia 20\/06.&nbsp;<\/strong><\/p>\n<p>Est\u00e3o sendo ofertadas&nbsp;<b>9 vagas para<\/b>&nbsp;<b>estudantes de Design de Produto externos \u00e0 UFPR<\/b>. As vagas ser\u00e3o preenchidas de acordo com a ordem de inscri\u00e7\u00e3o. As inscri\u00e7\u00f5es devem ser feitas por meio do formul\u00e1rio (<a href=\"https:\/\/docs.google.com\/forms\/d\/e\/1FAIpQLSeikOaLD7pkX69piLQwaPRqGIBYGPP675x9_VLokPQB8VrhIg\/viewform\" target=\"_blank\" rel=\"noopener noreferrer\">https:\/\/docs.google.com\/forms\/d\/e\/1FAIpQLSeikOaLD7pkX69piLQwaPRqGIBYGPP675x9_VLokPQB8VrhIg\/viewform?usp=sf_link<\/a>)&nbsp;<b>at\u00e9 dia 20\/06<\/b>.&nbsp;<\/p>\n<p>Qualquer d\u00favida entrem em contato com prof.&nbsp;Vin\u00edcius:&nbsp;<a href=\"mailto:viniciusmiranda@ufpr.br\" target=\"_blank\" rel=\"noopener noreferrer\">viniciusmiranda@ufpr.br<\/a><\/p>\n<p>&nbsp;<\/p>\n<p>________<\/p>\n<p>&nbsp;<\/p>\n<p>Em aten\u00e7\u00e3o \u00e0s Portarias n\u00ba 721\/2020 e n\u00ba 722\/2020-REITORIA, e \u00e0 Ordem de Servi\u00e7o n\u00ba 002\/2020-PROGEPE, que determinam que as atividades presenciais sejam realizadas remotamente, e considerando a necessidade de ado\u00e7\u00e3o de medidas que resguardem a sa\u00fade das comunidades interna e externa, a Coordena\u00e7\u00e3o do Curso de Design de Produto informa que&nbsp;<strong>o atendimento de demandas ser\u00e1 realizado exclusivamente de maneira virtual, at\u00e9 que novos encaminhamentos sejam determinados pelo Gabinete do Reitor<\/strong>.<\/p>\n<p>Dessa forma, os canais virtuais da coordena\u00e7\u00e3o \u2013 caixa de entrada de e-mail e SEI \u2013 ser\u00e3o monitorados durante o hor\u00e1rio de funcionamento regular da unidade, e <strong>as demandas ser\u00e3o recebidas exclusivamente via e-mail (coord.design.produto@ufpr.br).<\/strong><\/p>\n<p>&nbsp;<\/p>\n<p>________<\/p>\n<p>&nbsp;<\/p>\n<p><span style=\"font-weight: 400\">Esclarecemos que diante da suspens\u00e3o de aulas a partir do dia 16\/03\/2020, conforme determinada pela Reitoria, imediatamente o Colegiado do curso de Design de Produto montou uma for\u00e7a-tarefa para atender \u00e0s resolu\u00e7\u00f5es da administra\u00e7\u00e3o superior. T\u00eam sido realizadas diversas e peri\u00f3dicas reuni\u00f5es para continuidade do trabalho docente e planejamento de atividades. Nos links abaixo \u00e9 poss\u00edvel acessar documentos que registram os levantamentos, discuss\u00f5es e delibera\u00e7\u00f5es realizados durante esse per\u00edodo.&nbsp;<\/span><\/p>\n<p>&nbsp;<\/p>\n<p><a href=\"https:\/\/sacod.ufpr.br\/coordesign\/wp-content\/uploads\/sites\/5\/2020\/06\/Relato\u0301rio_AAI01_Maio2020_Anexos.pdf\">Relato\u0301rio_AAI01_Maio2020_Anexos<\/a><\/p>\n<p><a href=\"https:\/\/sacod.ufpr.br\/coordesign\/wp-content\/uploads\/sites\/5\/2020\/04\/Posicionamento-Colegiado-DP-COVID19.pdf\">Posicionamento Colegiado DP &#8211; COVID19<\/a><\/p>\n<p><a href=\"https:\/\/sacod.ufpr.br\/coordesign\/wp-content\/uploads\/sites\/5\/2020\/04\/ATA-22a-Reunia\u0303o-Extraordinaria-Colegiado-DP-MAR_2020.pdf\">ATA 22a Reunia\u0303o Extraordinaria Colegiado DP MAR_2020<\/a><\/p>\n<p><a href=\"https:\/\/sacod.ufpr.br\/coordesign\/wp-content\/uploads\/sites\/5\/2020\/04\/ATA-23a-Reunia\u0303o-Extraordinaria-Colegiado-DP-ABR_2020-mesclado.pdf\">ATA 23a Reunia\u0303o Extraordinaria Colegiado DP ABR_2020-mesclado<\/a><\/p>\n<p><a href=\"https:\/\/sacod.ufpr.br\/coordesign\/wp-content\/uploads\/sites\/5\/2020\/04\/Registro-das-Reunio\u0303es-de-grupos-de-disciplinas-1.pdf\">Registro das Reunio\u0303es de grupos de disciplinas (1)<\/a><\/p>\n<p><a href=\"https:\/\/sacod.ufpr.br\/coordesign\/wp-content\/uploads\/sites\/5\/2020\/04\/Resultados-pesquisa_exerci\u0301cios-domiciliares_Design-de-Produto_MAR-2020.pdf\">Resultados pesquisa_exerci\u0301cios domiciliares_Design de Produto_MAR 2020<\/a><\/p>\n","protected":false},"excerpt":{"rendered":"<p>Chamada para inscri\u00e7\u00f5es &#8211; Segunda Atividade de Aprendizado Integradora do Curso de Design de Produto Essa atividade tem como objetivo a&nbsp;proposi\u00e7\u00e3o de&nbsp;leitura de aspectos formais de m\u00f3veis populares, entendidos nessa proposta como m\u00f3veis que est\u00e3o presentes no cotidiano de muitos brasileiros e que n\u00e3o possuem autoria conhecida. Apresentaremos algumas estrat\u00e9gias para a leitura formal, conceitua\u00e7\u00e3o [&hellip;]<\/p>\n","protected":false},"author":1767,"featured_media":0,"parent":0,"menu_order":0,"comment_status":"closed","ping_status":"closed","template":"","meta":{"_acf_changed":false,"ngg_post_thumbnail":0,"footnotes":""},"class_list":["post-672","page","type-page","status-publish","hentry"],"acf":[],"_links":{"self":[{"href":"https:\/\/sacod.ufpr.br\/coordesign\/wp-json\/wp\/v2\/pages\/672","targetHints":{"allow":["GET"]}}],"collection":[{"href":"https:\/\/sacod.ufpr.br\/coordesign\/wp-json\/wp\/v2\/pages"}],"about":[{"href":"https:\/\/sacod.ufpr.br\/coordesign\/wp-json\/wp\/v2\/types\/page"}],"author":[{"embeddable":true,"href":"https:\/\/sacod.ufpr.br\/coordesign\/wp-json\/wp\/v2\/users\/1767"}],"replies":[{"embeddable":true,"href":"https:\/\/sacod.ufpr.br\/coordesign\/wp-json\/wp\/v2\/comments?post=672"}],"version-history":[{"count":8,"href":"https:\/\/sacod.ufpr.br\/coordesign\/wp-json\/wp\/v2\/pages\/672\/revisions"}],"predecessor-version":[{"id":721,"href":"https:\/\/sacod.ufpr.br\/coordesign\/wp-json\/wp\/v2\/pages\/672\/revisions\/721"}],"wp:attachment":[{"href":"https:\/\/sacod.ufpr.br\/coordesign\/wp-json\/wp\/v2\/media?parent=672"}],"curies":[{"name":"wp","href":"https:\/\/api.w.org\/{rel}","templated":true}]}}