{"id":1938,"date":"2015-08-14T15:17:54","date_gmt":"2015-08-14T15:17:54","guid":{"rendered":"https:\/\/sacod.ufpr.br\/comunicacaomestrado\/?page_id=1938"},"modified":"2018-04-10T19:58:56","modified_gmt":"2018-04-10T19:58:56","slug":"discentes","status":"publish","type":"page","link":"https:\/\/sacod.ufpr.br\/comunicacaomestrado\/discentes\/","title":{"rendered":"Discentes"},"content":{"rendered":"<h4>TURMA 2018<\/h4>\n<h1>Linha de pesquisa Comunica\u00e7\u00e3o e\u00a0Forma\u00e7\u00f5es\u00a0Socioculturais<\/h1>\n<p><a href=\"http:\/\/lattes.cnpq.br\/5477855336336551\">Ana Carolina Maoski<\/a><br \/>\n<a href=\"http:\/\/lattes.cnpq.br\/1846487425052080\">Ana Luisa Pereira<br \/>\n<\/a><a href=\"http:\/\/lattes.cnpq.br\/2997924817578747\">Arhur Carlos Franco Oliveira<br \/>\n<\/a><a href=\"http:\/\/lattes.cnpq.br\/7966752499361914\">Camila Rechia Ferreira<br \/>\n<\/a><a href=\"http:\/\/lattes.cnpq.br\/9458700722664202\">Cintia Silva da Concei\u00e7\u00e3o<br \/>\n<\/a><a href=\"http:\/\/lattes.cnpq.br\/6800768208322853\">Daniel Arias Zierhut<br \/>\n<\/a><a href=\"http:\/\/lattes.cnpq.br\/2468155547796085\">Diego Henrique da Silva<br \/>\n<\/a><a href=\"http:\/\/lattes.cnpq.br\/9374532171012254\">Durval Ramos J\u00fanior<br \/>\n<\/a><a href=\"http:\/\/lattes.cnpq.br\/9764400732876975\">Elyson Richard Gums<br \/>\n<\/a><a href=\"http:\/\/lattes.cnpq.br\/4455154198149806\">Fabia Cristiane Ioscote<br \/>\n<\/a><a href=\"http:\/\/lattes.cnpq.br\/2689300667296088\">Gabriel Spenassatto<br \/>\n<\/a><a href=\"http:\/\/lattes.cnpq.br\/0411952868383004\">James Klaus Miers<br \/>\n<\/a><a href=\"http:\/\/lattes.cnpq.br\/2197365376030297\">Keyse Caldeira de Aquino Macedo<br \/>\n<\/a><a href=\"http:\/\/lattes.cnpq.br\/6200755962015929\">Luiza Guimar\u00e3es<br \/>\n<\/a><a href=\"http:\/\/lattes.cnpq.br\/7678246734214397\">Paulo Henrique Semicek<\/a><\/p>\n<h1>Linha de pesquisa Comunica\u00e7\u00e3o\u00a0e Pol\u00edtica<\/h1>\n<p><a href=\"http:\/\/lattes.cnpq.br\/7529034813920896\">Al\u00e9xia Silva Saraiva<br \/>\n<\/a><a href=\"http:\/\/lattes.cnpq.br\/7907142584996379\">Aline Aparecida D&#8217;\u00e1vila de Lima<br \/>\n<\/a><a href=\"http:\/\/lattes.cnpq.br\/2093058910437472\">D\u00e9bora Cristina Alves da Cunha Milla<br \/>\n<\/a><a href=\"http:\/\/lattes.cnpq.br\/7751393372988172\">Erivelto Diego do Amarante<br \/>\n<\/a><a href=\"http:\/\/lattes.cnpq.br\/1376775327271040\">Louize Nascimento<br \/>\n<\/a><a href=\"http:\/\/lattes.cnpq.br\/2345581494746956\">Rafaela Mazurechen Sinderski<\/a><a href=\"http:\/\/lattes.cnpq.br\/6990107759218888\">Vivia<br \/>\nVivian Teixeira de Faria \u00a0<\/a><\/p>\n<h4>TURMA 2017<\/h4>\n<h1>Linha de pesquisa Comunica\u00e7\u00e3o e Forma\u00e7\u00f5es Socioculturais<\/h1>\n<h5 style=\"text-align: left\">\u00a0<a href=\"http:\/\/lattes.cnpq.br\/1747091291952155\">Amanda Mill\u00e9o de Almeida<\/a><br \/>\n<a href=\"http:\/\/lattes.cnpq.br\/1409382514616996\">Beatriz Pozzobon Araujo<br \/>\n<\/a><a href=\"http:\/\/lattes.cnpq.br\/4115091287191580\">C\u00e1ssio dal\u00b4Ponte<br \/>\n<\/a><a class=\"abreDialog\" href=\"http:\/\/lattes.cnpq.br\/8548208965866179\">Eleonora Camargo de Mendon\u00e7a<br \/>\n<\/a><a class=\"abreDialog\" href=\"http:\/\/lattes.cnpq.br\/5244275230015514\">Joana Gall Pereira<br \/>\n<\/a><a class=\"abreDialog\" href=\"http:\/\/lattes.cnpq.br\/7261254891004144\">Karina da Cunha Pizzini<br \/>\n<\/a><a class=\"abreDialog\" href=\"http:\/\/lattes.cnpq.br\/5949325786175779\">Larissa Adryellen Drabeski<br \/>\n<\/a><a class=\"abreDialog\" href=\"http:\/\/lattes.cnpq.br\/5210439782686261\">Mariana Munaretto Guzzo<br \/>\n<\/a><a class=\"abreDialog\" href=\"http:\/\/lattes.cnpq.br\/7334248013741029\">Sarah Hiratsuka Rezende<br \/>\n<\/a><a class=\"abreDialog\" href=\"http:\/\/lattes.cnpq.br\/2042311060412406\">Vinicius Pinheiro Policarpo Comoti\u00a0<\/a><\/h5>\n<h1>Linha de pesquisa Comunica\u00e7\u00e3o\u00a0e Pol\u00edtica<\/h1>\n<h5 style=\"text-align: left\"><a class=\"abreDialog\" href=\"http:\/\/lattes.cnpq.br\/3789571666440857\">Andr\u00e9 Felipe Schlindwein<br \/>\n<\/a><a class=\"abreDialog\" href=\"http:\/\/lattes.cnpq.br\/2317634778732231\">Angieli Fabrizia Maros<br \/>\n<\/a><a class=\"abreDialog\" href=\"http:\/\/lattes.cnpq.br\/3346454004162859\">D\u00e9dallo de Paula Neves<br \/>\n<\/a><a class=\"abreDialog\" href=\"http:\/\/lattes.cnpq.br\/8125373547451616\">\u00c9rica Cristina Verderio Bianco<\/a><br \/>\n<a class=\"abreDialog\" href=\"http:\/\/lattes.cnpq.br\/3263224039071093\">Gabriela Petrucci<br \/>\n<strong>Mariana Jacinto Figueiredo<br \/>\n<\/strong><\/a><a class=\"abreDialog\" href=\"http:\/\/lattes.cnpq.br\/8671000030941012\"><strong>Renato Sordi Tolentino da Silva<br \/>\n<\/strong><\/a><a class=\"abreDialog\" href=\"http:\/\/lattes.cnpq.br\/9449564724481715\"><strong>Vinicius Nogueira Torresan<\/strong><\/a><\/h5>\n<h5 style=\"text-align: left\"><strong>\u00a0<\/strong><\/h5>\n<h4>TURMA 2016<\/h4>\n<h1>Linha de pesquisa Comunica\u00e7\u00e3o, educa\u00e7\u00e3o e forma\u00e7\u00f5es socioculturais<\/h1>\n<p><a href=\"http:\/\/lattes.cnpq.br\/8609789279220852\">C\u00edntia Moleta<\/a><br \/>\n<a href=\"http:\/\/lattes.cnpq.br\/2752455801857399\">Claudia Juliane Pacheco Oliveira<\/a><br \/>\n<a href=\"http:\/\/lattes.cnpq.br\/0103363137588091\">Guilherme Henrique Ogg<\/a><br \/>\n<span style=\"line-height: 1.5\"><a href=\"http:\/\/lattes.cnpq.br\/3882231557175454\">J\u00e9ssica Pereira Fraz\u00e3o<\/a><br \/>\n<\/span><a href=\"http:\/\/lattes.cnpq.br\/5436544677251854\">Keila Simone Schons<\/a><br \/>\n<a href=\"http:\/\/lattes.cnpq.br\/7507904015848985\">Larissa Sales Nowitschenko<\/a><br \/>\n<a href=\"http:\/\/lattes.cnpq.br\/0196604080766113\">Nicholle Ferreira Murmel Liali<\/a><br \/>\n<a href=\"http:\/\/lattes.cnpq.br\/6857546452494070\">Maria L\u00facia Salgueiro dos Santos<\/a><br \/>\n<a href=\"http:\/\/lattes.cnpq.br\/2619850855729788\">Renan Paranhos Mateus Rizzardo<\/a><\/p>\n<p>&nbsp;<\/p>\n<h1>Linha de pesquisa Comunica\u00e7\u00e3o, pol\u00edtica e atores coletivos<\/h1>\n<p><a href=\"http:\/\/lattes.cnpq.br\/5223390300551789\">Bruno Washington Nichols<\/a><br \/>\n<a href=\"http:\/\/lattes.cnpq.br\/2069041054985100\">Ester Pepes Athan\u00e1sio de Matos \u00a0<\/a><br \/>\n<a href=\"http:\/\/lattes.cnpq.br\/9027448187765006\">Helen Cristine Almeida Anacleto<\/a><br \/>\n<a href=\"http:\/\/lattes.cnpq.br\/0816491101685631\">Leila Pereira Braga<\/a><br \/>\n<a href=\"http:\/\/lattes.cnpq.br\/6377367856927679\">Luiz Rog\u00e9rio Lopes Silva<\/a><br \/>\n<a href=\"http:\/\/lattes.cnpq.br\/3508429875960253\">Mariane Nava<\/a><br \/>\n<a href=\"http:\/\/lattes.cnpq.br\/9539727131547180\">Pedro Chapaval Pimentel<\/a><br \/>\n<a href=\"http:\/\/lattes.cnpq.br\/1766876651882984\">Suelen Homrich Motta<\/a><\/p>\n<p>&nbsp;<\/p>\n<h4>TURMA 2015<\/h4>\n<p>&nbsp;<\/p>\n<h1>Linha de pesquisa Comunica\u00e7\u00e3o, educa\u00e7\u00e3o e forma\u00e7\u00f5es socioculturais<\/h1>\n<p><a href=\"http:\/\/lattes.cnpq.br\/1485478437892552\">Augusta Fehrmann Gern<\/a><br \/>\n<a href=\"http:\/\/lattes.cnpq.br\/0512141202412977\">B\u00e1rbara Maia Cerqueira<\/a><br \/>\n<a href=\"http:\/\/lattes.cnpq.br\/1533209673547335\">Chirlei Diana Kohls<\/a><br \/>\n<a href=\"http:\/\/lattes.cnpq.br\/9789169888813966\">Isys Helfenstein Remi\u00e3o<\/a><br \/>\n<a href=\"http:\/\/lattes.cnpq.br\/5606091451700970\">Karen Greco<\/a><br \/>\n<a href=\"http:\/\/lattes.cnpq.br\/3161090425920503\">Manoella Fortes Fiebig<\/a><br \/>\n<a href=\"http:\/\/lattes.cnpq.br\/7071405526345746\">Patricia Goedert Melo<\/a><\/p>\n<h1>Linha de pesquisa Comunica\u00e7\u00e3o, pol\u00edtica e atores coletivos<\/h1>\n<p><a href=\"http:\/\/lattes.cnpq.br\/8291470356666124\">Alice Lima<br \/>\n<\/a><a href=\"http:\/\/lattes.cnpq.br\/0271772744590470\">Diego Antonelli Casagrande<\/a><br \/>\n<a href=\"http:\/\/lattes.cnpq.br\/7152523104372305\">Lenise Aubrift Klenk<\/a><br \/>\n<a href=\"http:\/\/lattes.cnpq.br\/6170635713773936\">Juliana Carla Bauerle Motta<\/a><br \/>\n<a href=\"http:\/\/lattes.cnpq.br\/6384572541937974\">Paulo Ferracioli<\/a><br \/>\n<a href=\"http:\/\/lattes.cnpq.br\/7581806530969690\">Ricardo Philippi<\/a><\/p>\n<p>&nbsp;<\/p>\n<h4>TURMA 2014<\/h4>\n<h1><\/h1>\n<h1>Linha de pesquisa Comunica\u00e7\u00e3o, educa\u00e7\u00e3o e forma\u00e7\u00f5es socioculturais<\/h1>\n<p><a href=\"http:\/\/lattes.cnpq.br\/4753187317771359\" target=\"_blank\">Aline Tain\u00e1 Amaral Horn<\/a><br \/>\n<a href=\"http:\/\/lattes.cnpq.br\/2146413820808124\" target=\"_blank\">Andr\u00e9a Rosendo da Silva<\/a><br \/>\n<a href=\"http:\/\/lattes.cnpq.br\/2626285874813918\" target=\"_blank\">Aparecida de F\u00e1tima Gon\u00e7alves Machado Nogarolli<\/a><br \/>\n<a href=\"http:\/\/lattes.cnpq.br\/3573966553115863\" target=\"_blank\">Dayana Estevam Moreira<\/a><br \/>\n<a href=\"http:\/\/lattes.cnpq.br\/9621149559669815\" target=\"_blank\">Francieli Aparecida Traesel<\/a><br \/>\n<a href=\"http:\/\/lattes.cnpq.br\/3219944262287229\" target=\"_blank\">Luciane Leopoldo Belin<\/a><br \/>\n<a href=\"http:\/\/lattes.cnpq.br\/0805882695002142\" target=\"_blank\">Luiz Ricardo Linch<\/a><br \/>\n<a href=\"http:\/\/lattes.cnpq.br\/6598899818832017\" target=\"_blank\">Maiara Garcia Orlandini<\/a><br \/>\n<a href=\"http:\/\/lattes.cnpq.br\/3026808055841819\" target=\"_blank\">Naiara Longhi Maia<\/a><br \/>\n<a href=\"http:\/\/lattes.cnpq.br\/4125866560351480\" target=\"_blank\">Ot\u00e1vio Cezarini \u00c1vila<\/a><\/p>\n<h1><\/h1>\n<h1>Linha de pesquisa Comunica\u00e7\u00e3o, pol\u00edtica e atores coletivos<\/h1>\n<p><a href=\"http:\/\/lattes.cnpq.br\/2660845924983813\" target=\"_blank\">Adriana Monserrat Cedillo Morales<\/a><br \/>\n<a href=\"http:\/\/lattes.cnpq.br\/5240918301794515\" target=\"_blank\">Camila Carbornar de Souza<\/a><br \/>\n<a href=\"http:\/\/lattes.cnpq.br\/3407738332416687\" target=\"_blank\">Fernanda Cavassana de Carvalho<\/a><br \/>\n<a href=\"http:\/\/lattes.cnpq.br\/7867120304357412\" target=\"_blank\">Fernando Emmendoerfer de Castro<\/a><br \/>\n<a href=\"http:\/\/lattes.cnpq.br\/3316138848001664\" target=\"_blank\">Maiara Carvalho Batista<\/a><br \/>\n<a href=\"http:\/\/lattes.cnpq.br\/7528298159342243\" target=\"_blank\">Nilton Cesar Monastier Kleina<\/a><br \/>\n<a href=\"http:\/\/lattes.cnpq.br\/0282440970790167\" target=\"_blank\">Silvia Valim<\/a><\/p>\n<h1><\/h1>\n<h4>TURMA 2013<\/h4>\n<h1><\/h1>\n<h1>Linha de pesquisa Comunica\u00e7\u00e3o, educa\u00e7\u00e3o e forma\u00e7\u00f5es socioculturais<\/h1>\n<p><a href=\"http:\/\/lattes.cnpq.br\/5928025738021730\" target=\"_blank\">Anderson Lopes da Silva<\/a><br \/>\n<a href=\"http:\/\/lattes.cnpq.br\/7215475909964224\" target=\"_blank\">Charlotte France Rieger N.C.Melo<\/a><br \/>\n<a href=\"http:\/\/lattes.cnpq.br\/6179321616157836\" target=\"_blank\">Fabiana Pelinson<\/a><br \/>\n<a href=\"http:\/\/lattes.cnpq.br\/9080723382046655\" target=\"_blank\">Flora Nascimento Martins<\/a><br \/>\n<a href=\"http:\/\/lattes.cnpq.br\/6136076327146000\" target=\"_blank\">Humberto da Cunha Alves de Souza<\/a><br \/>\n<a href=\"http:\/\/lattes.cnpq.br\/0611303924467202\" target=\"_blank\">Marcielly Cristina Moresco<\/a><br \/>\n<a href=\"http:\/\/lattes.cnpq.br\/4851919271531448\" target=\"_blank\">Valdecir Bressani<\/a><\/p>\n<h1><\/h1>\n<h1>Linha de pesquisa Comunica\u00e7\u00e3o, pol\u00edtica e atores coletivos<\/h1>\n<p><a href=\"http:\/\/lattes.cnpq.br\/8847717587283755\" target=\"_blank\">Eduardo Covalesky Dias<\/a><br \/>\n<a href=\"http:\/\/lattes.cnpq.br\/7265914881506329\" target=\"_blank\">Jo\u00e3o Paulo da Silva<\/a><br \/>\n<a href=\"http:\/\/lattes.cnpq.br\/6569235624328814\" target=\"_blank\">Juliana de Amorim Rosas<\/a><br \/>\n<a href=\"http:\/\/lattes.cnpq.br\/9115048874745782\" target=\"_blank\">Juliane do Rocio Juski<\/a><br \/>\n<a href=\"http:\/\/lattes.cnpq.br\/4522082058309392\" target=\"_blank\">Marcos Mariano<\/a><br \/>\n<a href=\"http:\/\/lattes.cnpq.br\/8773042043328197\" target=\"_blank\">Michele Santos da Silva<\/a><br \/>\n<a href=\"http:\/\/lattes.cnpq.br\/3658590801223521\" target=\"_blank\">Renata Caleffi<\/a><br \/>\n<a href=\"http:\/\/lattes.cnpq.br\/8676032468198336\" target=\"_blank\">Ricardo Germano Tesseroli<\/a><\/p>\n<h1><\/h1>\n<h4>TURMA 2012<\/h4>\n<h1><\/h1>\n<h1>Linha de pesquisa Comunica\u00e7\u00e3o, educa\u00e7\u00e3o e forma\u00e7\u00f5es socioculturais<\/h1>\n<p><a href=\"http:\/\/lattes.cnpq.br\/8963014089253109\" target=\"_blank\">Ana Paula Heck<\/a><br \/>\n<a href=\"http:\/\/lattes.cnpq.br\/6749691464036151\" target=\"_blank\">Andr\u00e9 Richard Durante Vieira<\/a><br \/>\n<a href=\"http:\/\/lattes.cnpq.br\/8459388881535452\" target=\"_blank\">Anne Carolina Festucci<\/a><br \/>\n<a href=\"http:\/\/lattes.cnpq.br\/0019921371918535\" target=\"_blank\">Camila Olivia de Melo<\/a><br \/>\n<a href=\"http:\/\/lattes.cnpq.br\/5003990024044093\" target=\"_blank\">Evanise Rodrigues Gomes<\/a><br \/>\n<a href=\"http:\/\/lattes.cnpq.br\/1364853912637657\" target=\"_blank\">Gabrielle Staniszewski<\/a><br \/>\n<a href=\"http:\/\/lattes.cnpq.br\/3976398247572288\" target=\"_blank\">Giovana Montes Celinski<\/a><br \/>\n<a href=\"http:\/\/lattes.cnpq.br\/0011817346524529\" target=\"_blank\">Gustavo Luiz Ferreira Santos<\/a><br \/>\n<a href=\"http:\/\/lattes.cnpq.br\/7232792368850095\" target=\"_blank\">Miguel Sgarbi Pachioni<\/a><\/p>\n<h1><\/h1>\n<h1>Linha de pesquisa Comunica\u00e7\u00e3o, pol\u00edtica e atores coletivos<\/h1>\n<p><a href=\"http:\/\/lattes.cnpq.br\/7026341552659511\" target=\"_blank\">Aline de Oliveira Gon\u00e7alves\u00a0<\/a><br \/>\n<a href=\"http:\/\/lattes.cnpq.br\/9688339380492347\" target=\"_blank\">Gabriel Alexandre Bozza<\/a><br \/>\n<a href=\"http:\/\/lattes.cnpq.br\/9299142795341472\" target=\"_blank\">Igor Iuan Ablas<\/a><br \/>\n<a href=\"http:\/\/lattes.cnpq.br\/3254135028507177\" target=\"_blank\">Jeferson Jos\u00e9 Thauny<\/a><br \/>\n<a href=\"http:\/\/lattes.cnpq.br\/0292825636545959\" target=\"_blank\">Jos\u00e9 Geraldo da Silva Jr<\/a><br \/>\n<a href=\"http:\/\/lattes.cnpq.br\/2804474746743606\" target=\"_blank\">Luis Antonio Palma Hangai<\/a><br \/>\n<a href=\"http:\/\/lattes.cnpq.br\/5158032910039079\" target=\"_blank\">Patr\u00edcia Guilhem de Salles Carvalho<\/a><br \/>\n<a href=\"http:\/\/lattes.cnpq.br\/3191280918528274\" target=\"_blank\">Paula Maia Wunder Andreola<\/a><br \/>\n<a href=\"http:\/\/lattes.cnpq.br\/1815402632460442\" target=\"_blank\">Rui Beliz\u00e1rio Silva da Fontoura<\/a><br \/>\n<a href=\"http:\/\/lattes.cnpq.br\/9501169269467768\" target=\"_blank\">Tha\u00eds Mocelin<\/a><br \/>\n<a href=\"http:\/\/lattes.cnpq.br\/4607937304856468\" target=\"_blank\">Weslley Dalcol Leite<\/a><\/p>\n<h1><\/h1>\n<h4>TURMA 2011<\/h4>\n<h1><\/h1>\n<h1>Linha de pesquisa Comunica\u00e7\u00e3o, educa\u00e7\u00e3o e forma\u00e7\u00f5es socioculturais<\/h1>\n<p><a href=\"http:\/\/lattes.cnpq.br\/4656554291107210\" target=\"_blank\">Juliana da Rocha Pedroso\u00a0<\/a><br \/>\n<a href=\"http:\/\/lattes.cnpq.br\/2820953992126404\" target=\"_blank\">Raul Kleber de Souza Boeno<\/a><\/p>\n<h1><\/h1>\n<h1>Linha de pesquisa Comunica\u00e7\u00e3o, pol\u00edtica e atores coletivos<\/h1>\n<p><a href=\"http:\/\/lattes.cnpq.br\/8673274343983054\" target=\"_blank\">Alexandro Kurovski<\/a><br \/>\n<a href=\"http:\/\/lattes.cnpq.br\/5234780686995264\" target=\"_blank\">Danielle\u00a0 Schffelmeier Mei<\/a><br \/>\n<a href=\"http:\/\/lattes.cnpq.br\/2151918115201977\" target=\"_blank\">Denner Mariano de Almeida<\/a><br \/>\n<a href=\"http:\/\/lattes.cnpq.br\/1634857322443330\" target=\"_blank\">Douglas Silva Moreira<\/a><br \/>\n<a href=\"http:\/\/lattes.cnpq.br\/7592958960371119\" target=\"_blank\">Tassia Valente V. Arouche Patr\u00edcio<\/a><\/p>\n<h1><\/h1>\n<h4>TURMA 2010<\/h4>\n<h1><\/h1>\n<h1>Linha de pesquisa Comunica\u00e7\u00e3o, educa\u00e7\u00e3o e forma\u00e7\u00f5es socioculturais<\/h1>\n<p><a href=\"http:\/\/lattes.cnpq.br\/6068899378118914\" target=\"_blank\">Anderson Luiz Moreira<\/a><br \/>\n<a href=\"http:\/\/lattes.cnpq.br\/6588311931959752\" target=\"_blank\">Claiton C\u00e9sar Czizewski<\/a><br \/>\n<a href=\"http:\/\/lattes.cnpq.br\/1179822411649571\" target=\"_blank\">Halina Paganelli Silva<\/a><br \/>\n<a href=\"http:\/\/lattes.cnpq.br\/5579185882388863\" target=\"_blank\">Monica Maria Pinto<\/a><br \/>\n<a href=\"http:\/\/lattes.cnpq.br\/3975251942612769\" target=\"_blank\">Roberson de Lima<\/a><br \/>\n<a href=\"http:\/\/lattes.cnpq.br\/0600559500398901\" target=\"_blank\">Sheila Irene Gorski Fernandes<\/a><\/p>\n<h1><\/h1>\n<h1>Linha de pesquisa Comunica\u00e7\u00e3o, pol\u00edtica e atores coletivos<\/h1>\n<p><a href=\"http:\/\/lattes.cnpq.br\/5025469064512821\" target=\"_blank\">Andr\u00e9 Bonsanto Dias<\/a><br \/>\n<a href=\"http:\/\/lattes.cnpq.br\/2712185310624282\" target=\"_blank\">Gisele Rosso<\/a><br \/>\n<a href=\"http:\/\/lattes.cnpq.br\/6065425589846990\" target=\"_blank\">Hendryo Anderson Andr\u00e9<\/a><br \/>\n<a href=\"http:\/\/lattes.cnpq.br\/6320279073639728\" target=\"_blank\">Lucas Gandin<\/a><br \/>\n<a href=\"http:\/\/lattes.cnpq.br\/6430430897351104\" target=\"_blank\">Taiana Loise Bubniak<\/a><\/p>\n","protected":false},"excerpt":{"rendered":"<p>TURMA 2018 Linha de pesquisa Comunica\u00e7\u00e3o e\u00a0Forma\u00e7\u00f5es\u00a0Socioculturais Ana Carolina Maoski Ana Luisa Pereira Arhur Carlos Franco Oliveira Camila Rechia Ferreira Cintia Silva da Concei\u00e7\u00e3o Daniel Arias Zierhut Diego Henrique da Silva Durval Ramos J\u00fanior Elyson Richard Gums Fabia Cristiane Ioscote Gabriel Spenassatto James Klaus Miers Keyse Caldeira de Aquino Macedo Luiza Guimar\u00e3es Paulo Henrique Semicek [&hellip;]<\/p>\n","protected":false},"author":9,"featured_media":0,"parent":0,"menu_order":0,"comment_status":"open","ping_status":"open","template":"","meta":{"_acf_changed":false,"ngg_post_thumbnail":0,"footnotes":""},"class_list":["post-1938","page","type-page","status-publish","hentry"],"acf":[],"_links":{"self":[{"href":"https:\/\/sacod.ufpr.br\/comunicacaomestrado\/wp-json\/wp\/v2\/pages\/1938","targetHints":{"allow":["GET"]}}],"collection":[{"href":"https:\/\/sacod.ufpr.br\/comunicacaomestrado\/wp-json\/wp\/v2\/pages"}],"about":[{"href":"https:\/\/sacod.ufpr.br\/comunicacaomestrado\/wp-json\/wp\/v2\/types\/page"}],"author":[{"embeddable":true,"href":"https:\/\/sacod.ufpr.br\/comunicacaomestrado\/wp-json\/wp\/v2\/users\/9"}],"replies":[{"embeddable":true,"href":"https:\/\/sacod.ufpr.br\/comunicacaomestrado\/wp-json\/wp\/v2\/comments?post=1938"}],"version-history":[{"count":19,"href":"https:\/\/sacod.ufpr.br\/comunicacaomestrado\/wp-json\/wp\/v2\/pages\/1938\/revisions"}],"predecessor-version":[{"id":3138,"href":"https:\/\/sacod.ufpr.br\/comunicacaomestrado\/wp-json\/wp\/v2\/pages\/1938\/revisions\/3138"}],"wp:attachment":[{"href":"https:\/\/sacod.ufpr.br\/comunicacaomestrado\/wp-json\/wp\/v2\/media?parent=1938"}],"curies":[{"name":"wp","href":"https:\/\/api.w.org\/{rel}","templated":true}]}}