{"id":2307,"date":"2017-05-12T09:40:02","date_gmt":"2017-05-12T12:40:02","guid":{"rendered":"https:\/\/sacod.ufpr.br\/comunicacao\/?page_id=2307"},"modified":"2017-05-22T10:35:20","modified_gmt":"2017-05-22T13:35:20","slug":"convenios-2","status":"publish","type":"page","link":"https:\/\/sacod.ufpr.br\/comunicacao\/curso-de-jornalismo\/convenios-2\/","title":{"rendered":"Conv\u00eanios"},"content":{"rendered":"<h2 style=\"text-align: justify\"><span style=\"color: #800080\"><strong>Universidade de Poitiers <\/strong><\/span><\/h2>\n<p style=\"text-align: justify\"><span style=\"color: #000080\">O Departamento de Comunica\u00e7\u00e3o Social firmou desde 2009 dois conv\u00eanios internacionais com institui\u00e7\u00f5es francesas. O primeiro deles \u00e9 o conv\u00eanio firmado com a Universidade de Poitiers, que fica na cidade universit\u00e1ria de Poitiers, na Fran\u00e7a. Atrav\u00e9s desse conv\u00eanio, o Decom passou a integrar o conjunto de institui\u00e7\u00f5es que contribuem de alguma forma para o Euromime \u2013 um master na \u00e1rea de Tecnologias Educacionais. O Euromime, al\u00e9m do curso master que seleciona anualmente alunos de todo o mundo, \u00e9 o \u00fanico da rede Erasmus Mundus, cuja l\u00edngua oficial n\u00e3o \u00e9 o ingl\u00eas e sim o franc\u00eas, o portugu\u00eas e o espanhol. Por meio desse conv\u00eanio, o Decom participa de uma pesquisa sobre uso de tecnologias nas escolas, denominado Mimetec.<\/span><\/p>\n<h2 style=\"text-align: justify\"><span style=\"color: #003300\"><strong>Universidade de Grenoble<\/strong><\/span><\/h2>\n<p style=\"text-align: justify\"><span style=\"color: #000080\"><strong>\u00a0<\/strong>O segundo conv\u00eanio internacional do Departamento de Comunica\u00e7\u00e3o Social foi firmado com a Universidade de Grenoble, tamb\u00e9m na Fran\u00e7a, e prev\u00ea o interc\u00e2mbio de alunos e professores para participar dos cursos de gradua\u00e7\u00e3o e p\u00f3s-gradua\u00e7\u00e3o em Comunica\u00e7\u00e3o nas duas institui\u00e7\u00f5es. A primeira aluna do Decom a participar do Interc\u00e2mbio foi Juliana Wituski, que ficou em Grenoble por seis meses, em 2010. No segundo semestre de 2012, participou do conv\u00eanio outro aluno do Decom, o estudante de Jornalismo Andr\u00e9 Nunes. Al\u00e9m dessa modalidade de interc\u00e2mbio, est\u00e1 sendo discutida a realiza\u00e7\u00e3o de um master em jornalismo com professores das duas institui\u00e7\u00f5es.<\/span><\/p>\n<h2 style=\"text-align: justify\"><span style=\"color: #ff6600\"><strong>Universidade de Lyon II <\/strong><\/span><\/h2>\n<p style=\"text-align: justify\"><span style=\"color: #000080\">Desde 2013, o Departamento de Comunica\u00e7\u00e3o (Decom) e o Programa de P\u00f3s-Gradua\u00e7\u00e3o em Comunica\u00e7\u00e3o (PPGCom) t\u00eam uma parceria internacional com a Universit\u00e9 Lyon II. O conv\u00eanio prev\u00ea a realiza\u00e7\u00e3o de interc\u00e2mbio de alunos e professores entre as duas institui\u00e7\u00f5es, bem como a realiza\u00e7\u00e3o de semin\u00e1rios, cursos e pesquisas conjuntas, permitindo a dupla diploma\u00e7\u00e3o dos intercambistas, est\u00e1gios p\u00f3s doutorais para professores e organiza\u00e7\u00e3o conjunta de publica\u00e7\u00f5es cient\u00edficas.<\/span><\/p>\n<h2 style=\"text-align: justify\"><span style=\"color: #000080\"><strong>Conv\u00eanio de Maputo<\/strong><\/span><\/h2>\n<p style=\"text-align: justify\"><span style=\"color: #000080\">O Departamento de Comunica\u00e7\u00e3o da Universidade Federal do Paran\u00e1 (UFPR) desenvolve atualmente um projeto de interc\u00e2mbio acad\u00eamico dentro do programa Associa\u00e7\u00e3o das Universidades de L\u00edngua Portuguesa (AULP), financiado pela Capes e coordenado pelo professor doutor Toni Andr\u00e9 Scharlau Vieira.<\/span><\/p>\n<p style=\"text-align: justify\"><span style=\"color: #000080\">Este projeto prop\u00f5e por meio dos eixos educacional, comunicacional e energ\u00e9tico uma pesquisa-a\u00e7\u00e3o estrat\u00e9gica. Trata-se de uma experi\u00eancia inovadora, oportunizando o aperfei\u00e7oamento t\u00e9cnico, cient\u00edfico e metodol\u00f3gico do grupo de Mo\u00e7ambique e uma imers\u00e3o do grupo brasileiro na realidade da universidade, das comunidades escolares da cidade de Maputo, e de forma paralela desenvolvendo a pesquisa cient\u00edfica e atuando no cotidiano dos cidad\u00e3os mo\u00e7ambicanos.<\/span><\/p>\n","protected":false},"excerpt":{"rendered":"<p>Universidade de Poitiers O Departamento de Comunica\u00e7\u00e3o Social firmou desde 2009 dois conv\u00eanios internacionais com institui\u00e7\u00f5es francesas. O primeiro deles \u00e9 o conv\u00eanio firmado com a Universidade de Poitiers, que fica na cidade universit\u00e1ria de Poitiers, na Fran\u00e7a. Atrav\u00e9s desse conv\u00eanio, o Decom passou a integrar o conjunto de institui\u00e7\u00f5es que contribuem de alguma forma [&hellip;]<\/p>\n","protected":false},"author":7,"featured_media":0,"parent":1713,"menu_order":0,"comment_status":"closed","ping_status":"closed","template":"","meta":{"_acf_changed":false,"ngg_post_thumbnail":0,"footnotes":""},"class_list":["post-2307","page","type-page","status-publish","hentry"],"acf":[],"_links":{"self":[{"href":"https:\/\/sacod.ufpr.br\/comunicacao\/wp-json\/wp\/v2\/pages\/2307","targetHints":{"allow":["GET"]}}],"collection":[{"href":"https:\/\/sacod.ufpr.br\/comunicacao\/wp-json\/wp\/v2\/pages"}],"about":[{"href":"https:\/\/sacod.ufpr.br\/comunicacao\/wp-json\/wp\/v2\/types\/page"}],"author":[{"embeddable":true,"href":"https:\/\/sacod.ufpr.br\/comunicacao\/wp-json\/wp\/v2\/users\/7"}],"replies":[{"embeddable":true,"href":"https:\/\/sacod.ufpr.br\/comunicacao\/wp-json\/wp\/v2\/comments?post=2307"}],"version-history":[{"count":5,"href":"https:\/\/sacod.ufpr.br\/comunicacao\/wp-json\/wp\/v2\/pages\/2307\/revisions"}],"predecessor-version":[{"id":2323,"href":"https:\/\/sacod.ufpr.br\/comunicacao\/wp-json\/wp\/v2\/pages\/2307\/revisions\/2323"}],"up":[{"embeddable":true,"href":"https:\/\/sacod.ufpr.br\/comunicacao\/wp-json\/wp\/v2\/pages\/1713"}],"wp:attachment":[{"href":"https:\/\/sacod.ufpr.br\/comunicacao\/wp-json\/wp\/v2\/media?parent=2307"}],"curies":[{"name":"wp","href":"https:\/\/api.w.org\/{rel}","templated":true}]}}