{"id":1518,"date":"2016-08-15T10:43:20","date_gmt":"2016-08-15T13:43:20","guid":{"rendered":"https:\/\/sacod.ufpr.br\/comunicacao\/?page_id=1518"},"modified":"2017-05-22T10:31:57","modified_gmt":"2017-05-22T13:31:57","slug":"2016-2","status":"publish","type":"page","link":"https:\/\/sacod.ufpr.br\/comunicacao\/curso-de-comunicacao-social-2\/2016-2\/","title":{"rendered":"Conte\u00fados do ano letivo de 2016"},"content":{"rendered":"<p><a href=\"https:\/\/sacod.ufpr.br\/comunicacao\/wp-content\/uploads\/sites\/9\/2016\/08\/OC325-Pesquisa-de-Opini\u00e3o-P\u00fablica.pdf\" rel=\"\">OC325 &#8211; Pesquisa de Opini\u00e3o P\u00fablica<\/a><br \/>\n<a href=\"https:\/\/sacod.ufpr.br\/comunicacao\/wp-content\/uploads\/sites\/9\/2016\/08\/OC323-Reda\u00e7\u00e3o-Institucional-III.pdf\" rel=\"\">OC323 &#8211; Reda\u00e7\u00e3o Institucional III<\/a><br \/>\n<a href=\"https:\/\/sacod.ufpr.br\/comunicacao\/wp-content\/uploads\/sites\/9\/2016\/08\/OC330-Comunica\u00e7\u00e3o-Empressarial.pdf\" rel=\"\">OC330 &#8211; Comunica\u00e7\u00e3o Empressarial<\/a><br \/>\n<a href=\"https:\/\/sacod.ufpr.br\/comunicacao\/wp-content\/uploads\/sites\/9\/2016\/08\/OC320-Foto-Institucional.pdf\" rel=\"\">OC320 &#8211; Foto Institucional<\/a><br \/>\n<a href=\"https:\/\/sacod.ufpr.br\/comunicacao\/wp-content\/uploads\/sites\/9\/2016\/08\/OC316-Teoria-da-Opini\u00e3o-P\u00fablica.pdf\" rel=\"\">OC316 &#8211; Teoria da Opini\u00e3o P\u00fablica<\/a><br \/>\n<a href=\"https:\/\/sacod.ufpr.br\/comunicacao\/wp-content\/uploads\/sites\/9\/2016\/08\/OC315-Administrac\u0327a\u0303o-Aplicada-a-RP.pdf\" rel=\"\">OC315 &#8211; Administrac\u0327a\u0303o Aplicada a RP<\/a><br \/>\n<a href=\"https:\/\/sacod.ufpr.br\/comunicacao\/wp-content\/uploads\/sites\/9\/2016\/08\/OC311-Teoria-de-Rela\u00e7\u00f5es-P\u00fablicas.pdf\" rel=\"\">OC311 &#8211; Teoria de Rela\u00e7\u00f5es P\u00fablicas<\/a><br \/>\n<a href=\"https:\/\/sacod.ufpr.br\/comunicacao\/wp-content\/uploads\/sites\/9\/2016\/08\/OC297-TCCII-em-PP.pdf\" rel=\"\">OC297 &#8211; TCCII em PP<\/a><br \/>\n<a href=\"https:\/\/sacod.ufpr.br\/comunicacao\/wp-content\/uploads\/sites\/9\/2016\/08\/OC290-\u00c9tica-e-legisla\u00e7\u00e3o-em-PP.pdf\" rel=\"\">OC290 &#8211; \u00c9tica e legisla\u00e7\u00e3o em PP<\/a><br \/>\n<a href=\"https:\/\/sacod.ufpr.br\/comunicacao\/wp-content\/uploads\/sites\/9\/2016\/08\/OC285-Produ\u00e7\u00e3o-Publicitaria-em-Tv-e-Cinema.pdf\" rel=\"\">OC285 &#8211; Produ\u00e7\u00e3o Publicitaria em Tv e Cinema<\/a><br \/>\n<a href=\"https:\/\/sacod.ufpr.br\/comunicacao\/wp-content\/uploads\/sites\/9\/2016\/08\/OC284-Programa\u00e7\u00e3o-Visual-II.pdf\" rel=\"\">OC284 &#8211; Programa\u00e7\u00e3o Visual II<\/a><br \/>\n<a href=\"https:\/\/sacod.ufpr.br\/comunicacao\/wp-content\/uploads\/sites\/9\/2016\/08\/OC282-Reda\u00e7\u00e3o-Publicit\u00e1ria-II.pdf\" rel=\"\">OC282 &#8211; Reda\u00e7\u00e3o Publicit\u00e1ria II<\/a><br \/>\n<a href=\"https:\/\/sacod.ufpr.br\/comunicacao\/wp-content\/uploads\/sites\/9\/2016\/08\/OC281-Reda\u00e7\u00e3o-Publicit\u00e1ria-I.pdf\" rel=\"\">OC281 &#8211; Reda\u00e7\u00e3o Publicit\u00e1ria I<\/a><br \/>\n<a href=\"https:\/\/sacod.ufpr.br\/comunicacao\/wp-content\/uploads\/sites\/9\/2016\/08\/OC276-Publicidade-e-Sociedade.pdf\" rel=\"\">OC276 &#8211; Publicidade e Sociedade<\/a><br \/>\n<a href=\"https:\/\/sacod.ufpr.br\/comunicacao\/wp-content\/uploads\/sites\/9\/2016\/08\/OC266-Pesquisa-de-Mercado.pdf\" rel=\"\">OC266 &#8211; Pesquisa de Mercado<\/a><br \/>\n<a href=\"https:\/\/sacod.ufpr.br\/comunicacao\/wp-content\/uploads\/sites\/9\/2016\/08\/OC265-Dire\u00e7\u00e3o-e-Inter-Cenica-para-audio.pdf\" rel=\"\">OC265 &#8211; Dire\u00e7\u00e3o e Inter Cenica para audio<\/a><br \/>\n<a href=\"https:\/\/sacod.ufpr.br\/comunicacao\/wp-content\/uploads\/sites\/9\/2016\/08\/OC262-Criacao-Publicitaria-II.pdf\" rel=\"\">OC262 &#8211; Criacao Publicitaria II<\/a><br \/>\n<a href=\"https:\/\/sacod.ufpr.br\/comunicacao\/wp-content\/uploads\/sites\/9\/2016\/08\/OC227-Planejamento-e-Marketing.pdf\" rel=\"\">OC227 &#8211; Planejamento e Marketing<\/a><br \/>\n<a href=\"https:\/\/sacod.ufpr.br\/comunicacao\/wp-content\/uploads\/sites\/9\/2016\/08\/OC200-Est\u00e1gio-Supervisionado-em-PP.pdf\" rel=\"\">OC200 &#8211; Est\u00e1gio Supervisionado em PP<\/a><br \/>\n<a href=\"https:\/\/sacod.ufpr.br\/comunicacao\/wp-content\/uploads\/sites\/9\/2016\/08\/OC192-Laborat\u00f3rio-de-Telejornalismo.pdf\" rel=\"\">OC192 &#8211; Laborat\u00f3rio de Telejornalismo<\/a><br \/>\n<a href=\"https:\/\/sacod.ufpr.br\/comunicacao\/wp-content\/uploads\/sites\/9\/2016\/08\/OC180-fotodocumentarismo.pdf\" rel=\"\">OC180 &#8211; fotodocumentarismo<\/a><br \/>\n<a href=\"https:\/\/sacod.ufpr.br\/comunicacao\/wp-content\/uploads\/sites\/9\/2016\/08\/OC175-Jornalismo-Especializado-V-jornalismo-liter\u00e1rio.pdf\" rel=\"\">OC175 &#8211; Jornalismo Especializado V &#8211; jornalismo liter\u00e1rio<\/a><br \/>\n<a href=\"https:\/\/sacod.ufpr.br\/comunicacao\/wp-content\/uploads\/sites\/9\/2016\/08\/OC177-Jornalismo-e-Educa\u00e7\u00e3o.pdf\" rel=\"\">OC177 &#8211; Jornalismo e Educa\u00e7\u00e3o<\/a><br \/>\n<a href=\"https:\/\/sacod.ufpr.br\/comunicacao\/wp-content\/uploads\/sites\/9\/2016\/08\/OC121-Reda\u00e7\u00e3o-Jornalistica-I.pdf\" rel=\"\">OC121 &#8211; Reda\u00e7\u00e3o Jornalistica I<\/a><br \/>\n<a href=\"https:\/\/sacod.ufpr.br\/comunicacao\/wp-content\/uploads\/sites\/9\/2016\/08\/OC120-Fotojornalismo.pdf\" rel=\"\">OC120 &#8211; Fotojornalismo<\/a><br \/>\n<a href=\"https:\/\/sacod.ufpr.br\/comunicacao\/wp-content\/uploads\/sites\/9\/2016\/08\/OC117-Laborat\u00f3rio-de-Jornalismo.pdf\" rel=\"\">OC117 &#8211; Laborat\u00f3rio de Jornalismo<\/a><br \/>\n<a href=\"https:\/\/sacod.ufpr.br\/comunicacao\/wp-content\/uploads\/sites\/9\/2016\/08\/OC115-Imprensa-segmentada-.pdf\" rel=\"\">OC115 &#8211; Imprensa segmentada<\/a><br \/>\n<a href=\"https:\/\/sacod.ufpr.br\/comunicacao\/wp-content\/uploads\/sites\/9\/2016\/08\/OC113-Telejornalismo-paranaense.pdf\" rel=\"\">OC113 &#8211; Telejornalismo paranaense<\/a><br \/>\n<a href=\"https:\/\/sacod.ufpr.br\/comunicacao\/wp-content\/uploads\/sites\/9\/2016\/08\/OC092-T\u00f3picos-Esp-Teoria-Conhec.-pr\u00e9-projeto-RP.pdf\" rel=\"\">OC092 &#8211; T\u00f3picos Esp Teoria Conhec. &#8211; pr\u00e9-projeto RP<\/a><br \/>\n<a href=\"https:\/\/sacod.ufpr.br\/comunicacao\/wp-content\/uploads\/sites\/9\/2016\/08\/OC092-Top.-Esp.-teoria-conhec-pr\u00e9-projeto-PP.pdf\" rel=\"\">OC092 &#8211; Top. Esp. teoria conhec pr\u00e9-projeto PP<\/a><br \/>\n<a href=\"https:\/\/sacod.ufpr.br\/comunicacao\/wp-content\/uploads\/sites\/9\/2016\/08\/OC052-Comunica\u00e7\u00e3o-e-Cultura.pdf\" rel=\"\">OC052 &#8211; Comunica\u00e7\u00e3o e Cultura<\/a><br \/>\n<a href=\"https:\/\/sacod.ufpr.br\/comunicacao\/wp-content\/uploads\/sites\/9\/2016\/08\/OC049-Introduc\u0327a\u0303o-a\u0300-Semio\u0301tica-Visual.pdf\" rel=\"\">OC049 &#8211; Introduc\u0327a\u0303o a\u0300 Semio\u0301tica Visual<\/a><br \/>\n<a href=\"https:\/\/sacod.ufpr.br\/comunicacao\/wp-content\/uploads\/sites\/9\/2016\/08\/OC041-Tecnicas-basicas-de-tv.pdf\" rel=\"\">OC041 &#8211; Tecnicas basicas de tv<\/a><br \/>\n<a href=\"https:\/\/sacod.ufpr.br\/comunicacao\/wp-content\/uploads\/sites\/9\/2016\/08\/OC049-Comunicac\u0327a\u0303o-e-Ge\u0302nero.pdf\" rel=\"\">OC049 &#8211; Comunicac\u0327a\u0303o e Ge\u0302nero<\/a><br \/>\n<a href=\"https:\/\/sacod.ufpr.br\/comunicacao\/wp-content\/uploads\/sites\/9\/2016\/08\/OC038-Representa\u00e7\u00f5es-Sociais-na-M\u00eddia.pdf\" rel=\"\">OC038 &#8211; Representa\u00e7\u00f5es Sociais na M\u00eddia<\/a><br \/>\n<a href=\"https:\/\/sacod.ufpr.br\/comunicacao\/wp-content\/uploads\/sites\/9\/2016\/08\/OC037-Consumo-identidade-e-genero.pdf\" rel=\"\">OC037 &#8211; Consumo, identidade e genero<\/a><br \/>\n<a href=\"https:\/\/sacod.ufpr.br\/comunicacao\/wp-content\/uploads\/sites\/9\/2016\/08\/OC034-Cr\u00edtica-de-M\u00eddia.pdf\" rel=\"\">OC034 &#8211; Cr\u00edtica de M\u00eddia<\/a><br \/>\n<a href=\"https:\/\/sacod.ufpr.br\/comunicacao\/wp-content\/uploads\/sites\/9\/2016\/08\/OC011-Teoria-da-Comunica\u00e7\u00e3o-I.pdf\" rel=\"\">OC011 &#8211; Teoria da Comunica\u00e7\u00e3o I<\/a><\/p>\n","protected":false},"excerpt":{"rendered":"<p>OC325 &#8211; Pesquisa de Opini\u00e3o P\u00fablica OC323 &#8211; Reda\u00e7\u00e3o Institucional III OC330 &#8211; Comunica\u00e7\u00e3o Empressarial OC320 &#8211; Foto Institucional OC316 &#8211; Teoria da Opini\u00e3o P\u00fablica OC315 &#8211; Administrac\u0327a\u0303o Aplicada a RP OC311 &#8211; Teoria de Rela\u00e7\u00f5es P\u00fablicas OC297 &#8211; TCCII em PP OC290 &#8211; \u00c9tica e legisla\u00e7\u00e3o em PP OC285 &#8211; Produ\u00e7\u00e3o Publicitaria em Tv [&hellip;]<\/p>\n","protected":false},"author":7,"featured_media":0,"parent":1656,"menu_order":0,"comment_status":"closed","ping_status":"closed","template":"","meta":{"_acf_changed":false,"ngg_post_thumbnail":0,"footnotes":""},"class_list":["post-1518","page","type-page","status-publish","hentry"],"acf":[],"_links":{"self":[{"href":"https:\/\/sacod.ufpr.br\/comunicacao\/wp-json\/wp\/v2\/pages\/1518","targetHints":{"allow":["GET"]}}],"collection":[{"href":"https:\/\/sacod.ufpr.br\/comunicacao\/wp-json\/wp\/v2\/pages"}],"about":[{"href":"https:\/\/sacod.ufpr.br\/comunicacao\/wp-json\/wp\/v2\/types\/page"}],"author":[{"embeddable":true,"href":"https:\/\/sacod.ufpr.br\/comunicacao\/wp-json\/wp\/v2\/users\/7"}],"replies":[{"embeddable":true,"href":"https:\/\/sacod.ufpr.br\/comunicacao\/wp-json\/wp\/v2\/comments?post=1518"}],"version-history":[{"count":8,"href":"https:\/\/sacod.ufpr.br\/comunicacao\/wp-json\/wp\/v2\/pages\/1518\/revisions"}],"predecessor-version":[{"id":1703,"href":"https:\/\/sacod.ufpr.br\/comunicacao\/wp-json\/wp\/v2\/pages\/1518\/revisions\/1703"}],"up":[{"embeddable":true,"href":"https:\/\/sacod.ufpr.br\/comunicacao\/wp-json\/wp\/v2\/pages\/1656"}],"wp:attachment":[{"href":"https:\/\/sacod.ufpr.br\/comunicacao\/wp-json\/wp\/v2\/media?parent=1518"}],"curies":[{"name":"wp","href":"https:\/\/api.w.org\/{rel}","templated":true}]}}