{"id":6760,"date":"2018-10-30T14:29:50","date_gmt":"2018-10-30T17:29:50","guid":{"rendered":"https:\/\/sacod.ufpr.br\/artes\/?page_id=6760"},"modified":"2026-08-31T08:25:48","modified_gmt":"2026-08-31T11:25:48","slug":"enade","status":"publish","type":"page","link":"https:\/\/sacod.ufpr.br\/artes\/enade\/","title":{"rendered":"ENADE"},"content":{"rendered":"<p style=\"font-weight: 400\">A prova \u00e9 importante porque a avalia\u00e7\u00e3o do curso que voc\u00ea concluiu depende tamb\u00e9m do resultado dos alunos nessa avalia\u00e7\u00e3o. Um bom desempenho na prova do ENADE aumenta a pontua\u00e7\u00e3o do curso, o que valoriza a percep\u00e7\u00e3o do seu diploma.<\/p>\n<p style=\"font-weight: 400\">E \u00e9\u00a0<strong style=\"font-weight: 600\">obrigat\u00f3ria<\/strong>, sem ela n\u00e3o h\u00e1 emiss\u00e3o de diploma. O discente escolhe o munic\u00edpio em que vai realizar a avalia\u00e7\u00e3o te\u00f3rica.<\/p>\n<p style=\"font-weight: 400\">A prova te\u00f3rica \u00e9 aplicada\u00a0<strong style=\"font-weight: 600\">todos os anos aos discentes da licenciatura<\/strong>. Cada discente faz a prova quando alcan\u00e7ar mais de 75% da carga hor\u00e1ria total do curso. Se n\u00e3o colar grau no ano seguinte, ter\u00e1 de fazer a prova novamente.<\/p>\n<p style=\"font-weight: 400\">Se um discente n\u00e3o alcan\u00e7ou 75% da carga hor\u00e1ria em um ano, e concluiu o restante do curso no ano seguinte, e colou grau antes do prazo para obrigatoriedade da prova, ficar\u00e1 dispensado da avalia\u00e7\u00e3o te\u00f3rica do ENADE.<\/p>\n<p style=\"font-weight: 400\">Quem ainda n\u00e3o alcan\u00e7ou 75% da carga hor\u00e1ria mas j\u00e1 realizou todos os cinco est\u00e1gios em escola, n\u00e3o faz mais a avalia\u00e7\u00e3o pr\u00e1tica.<\/p>\n<p style=\"font-weight: 400\">As provas s\u00e3o compostas por uma parte de Forma\u00e7\u00e3o Geral, comum aos cursos de todas as \u00e1reas, e uma parte de Componente Espec\u00edfico, pr\u00f3pria de cada \u00e1rea de avalia\u00e7\u00e3o. A parte de Forma\u00e7\u00e3o Geral tem 10 quest\u00f5es, sendo duas discursivas e oito de\u00a0\u00a0m\u00faltipla escolha, envolvendo situa\u00e7\u00f5es problema e estudos de casos. A concep\u00e7\u00e3o dos itens \u00e9 balizada pelos princ\u00edpios dos Direitos Humanos. As quest\u00f5es discursivas avaliam aspectos como clareza, coer\u00eancia, coes\u00e3o, estrat\u00e9gias argumentativas, utiliza\u00e7\u00e3o de vocabul\u00e1rio adequado e corre\u00e7\u00e3o gramatical do texto. J\u00e1 a parte de Componente Espec\u00edfico de cada \u00e1rea de avalia\u00e7\u00e3o tem 30 quest\u00f5es, sendo tr\u00eas discursivas e 27 de m\u00faltipla escolha, envolvendo situa\u00e7\u00f5es problema e estudos de casos.<\/p>\n<p style=\"font-weight: 400\">\n<p style=\"font-weight: 400\"><strong style=\"font-weight: 600\">Provas de licenciatura de artes visuais de 2025:<\/strong><\/p>\n<p style=\"font-weight: 400\"><a href=\"https:\/\/download.inep.gov.br\/pnd\/provas_e_gabaritos\/2025_artes_visuais_PV_1.pdf\">https:\/\/download.inep.gov.br\/pnd\/provas_e_gabaritos\/2025_artes_visuais_PV_1.pdf<\/a><\/p>\n<p style=\"font-weight: 400\"><a href=\"https:\/\/download.inep.gov.br\/pnd\/provas_e_gabaritos\/2025_artes_visuais_GB_1.pdf\">https:\/\/download.inep.gov.br\/pnd\/provas_e_gabaritos\/2025_artes_visuais_GB_1.pdf<\/a><\/p>\n<p style=\"font-weight: 400\">\n<p style=\"font-weight: 400\"><strong style=\"font-weight: 600\">Provas de licenciatura de m\u00fasica de 2025:<\/strong><\/p>\n<p style=\"font-weight: 400\"><a href=\"https:\/\/download.inep.gov.br\/pnd\/provas_e_gabaritos\/2025_musica_PV_1.pdf\">https:\/\/download.inep.gov.br\/pnd\/provas_e_gabaritos\/2025_musica_PV_1.pdf<\/a><\/p>\n<p style=\"font-weight: 400\"><a href=\"https:\/\/download.inep.gov.br\/pnd\/provas_e_gabaritos\/2025_musica_GB_1.pdf\">https:\/\/download.inep.gov.br\/pnd\/provas_e_gabaritos\/2025_musica_GB_1.pdf<\/a><\/p>\n<p style=\"font-weight: 400\">\n<p style=\"font-weight: 400\">A avalia\u00e7\u00e3o te\u00f3rica ser\u00e1 em\u00a0<strong style=\"font-weight: 600\">20 de setembro de 2026\u00a0<\/strong>(domingo)<\/p>\n<p style=\"font-weight: 400\">O site do INEP \u00e9:<\/p>\n<p style=\"font-weight: 400\"><a href=\"https:\/\/www.gov.br\/inep\/pt-br\/areas-de-atuacao\/avaliacao-e-exames-educacionais\/enade-das-licenciaturas\">https:\/\/www.gov.br\/inep\/pt-br\/areas-de-atuacao\/avaliacao-e-exames-educacionais\/enade-das-licenciaturas<\/a><\/p>\n<p style=\"font-weight: 400\">\n<p style=\"font-weight: 400\">A nota do ENADE vai ser usada nos concursos p\u00fablicos para professores nas prefeituras.<br \/>\nO INEP vai enviar links para seu\u00a0<strong style=\"font-weight: 600\">e-mail UFPR<\/strong>.<\/p>\n<p style=\"font-weight: 400\">Veja se ele est\u00e1 operando normalmente. Veja se sua conta\u00a0<strong style=\"font-weight: 600\">gov.br<\/strong>\u00a0est\u00e1 ativa.<\/p>\n<p style=\"font-weight: 400\">\n<p style=\"font-weight: 400\">No segundo semestre de cada ano, quem est\u00e1 cursando\u00a0<strong style=\"font-weight: 600\">Pr\u00e1tica de Doc\u00eancia II<\/strong>\u00a0realiza a avalia\u00e7\u00e3o pr\u00e1tica, que consiste em um planejamento de aula na escola onde est\u00e1 estagiando, na realiza\u00e7\u00e3o da aula, na reda\u00e7\u00e3o de um relat\u00f3rio sobre a aula, que ser\u00e1 avaliada pelo docente da disciplina e pelo supervisor na escola.<\/p>\n<p style=\"font-weight: 400\">No seu hist\u00f3rico constar\u00e1 quando concluiu o curso na UFPR, e \u00e9 poss\u00edvel consultar a pontua\u00e7\u00e3o do curso nesse per\u00edodo.<\/p>\n<p style=\"font-weight: 400\">\n<p style=\"font-weight: 400\">Edital da\u00a0<strong style=\"font-weight: 600\">avalia\u00e7\u00e3o pr\u00e1tica<\/strong>:<\/p>\n<p style=\"font-weight: 400\"><a href=\"https:\/\/mecnormas.mec.gov.br\/pesquisa\/detalhar\/9227\">https:\/\/mecnormas.mec.gov.br\/pesquisa\/detalhar\/9227<\/a><\/p>\n<p style=\"font-weight: 400\"><strong style=\"font-weight: 600\">Fluxo do processo:<\/strong><\/p>\n<p style=\"font-weight: 400\">Elabora\u00e7\u00e3o do plano de aula (pelo discente)<\/p>\n<p style=\"font-weight: 400\">Registro do plano de aula no Sistema Enade (pelo discente)<\/p>\n<p style=\"font-weight: 400\">Realiza\u00e7\u00e3o da reg\u00eancia da aula &#8211; observada pelo(a) supervisor(a) na escola \u2013<br \/>\n[<em>\u00e9 interessante gravar a aula]<\/em><\/p>\n<p style=\"font-weight: 400\">Preenchimento dos instrumentos do(a) supervisor(a) e orientador(a) \u2013 docente de PD II &#8211; no Sistema Enade<\/p>\n","protected":false},"excerpt":{"rendered":"<p>A prova \u00e9 importante porque a avalia\u00e7\u00e3o do curso que voc\u00ea concluiu depende tamb\u00e9m do resultado dos alunos nessa avalia\u00e7\u00e3o. Um bom desempenho na prova do ENADE aumenta a pontua\u00e7\u00e3o do curso, o que valoriza a percep\u00e7\u00e3o do seu diploma. E \u00e9\u00a0obrigat\u00f3ria, sem ela n\u00e3o h\u00e1 emiss\u00e3o de diploma. O discente escolhe o munic\u00edpio em [&hellip;]<\/p>\n","protected":false},"author":1759,"featured_media":0,"parent":0,"menu_order":0,"comment_status":"closed","ping_status":"closed","template":"","meta":{"_acf_changed":false,"footnotes":""},"class_list":["post-6760","page","type-page","status-publish","hentry"],"acf":[],"_links":{"self":[{"href":"https:\/\/sacod.ufpr.br\/artes\/wp-json\/wp\/v2\/pages\/6760","targetHints":{"allow":["GET"]}}],"collection":[{"href":"https:\/\/sacod.ufpr.br\/artes\/wp-json\/wp\/v2\/pages"}],"about":[{"href":"https:\/\/sacod.ufpr.br\/artes\/wp-json\/wp\/v2\/types\/page"}],"author":[{"embeddable":true,"href":"https:\/\/sacod.ufpr.br\/artes\/wp-json\/wp\/v2\/users\/1759"}],"replies":[{"embeddable":true,"href":"https:\/\/sacod.ufpr.br\/artes\/wp-json\/wp\/v2\/comments?post=6760"}],"version-history":[{"count":16,"href":"https:\/\/sacod.ufpr.br\/artes\/wp-json\/wp\/v2\/pages\/6760\/revisions"}],"predecessor-version":[{"id":9991,"href":"https:\/\/sacod.ufpr.br\/artes\/wp-json\/wp\/v2\/pages\/6760\/revisions\/9991"}],"wp:attachment":[{"href":"https:\/\/sacod.ufpr.br\/artes\/wp-json\/wp\/v2\/media?parent=6760"}],"curies":[{"name":"wp","href":"https:\/\/api.w.org\/{rel}","templated":true}]}}